{"id":122,"date":"2025-11-28T19:24:13","date_gmt":"2025-11-28T18:24:13","guid":{"rendered":"https:\/\/le-bocalauraco.fr\/?page_id=122"},"modified":"2026-01-05T11:50:22","modified_gmt":"2026-01-05T10:50:22","slug":"bilan-de-competence","status":"publish","type":"page","link":"https:\/\/le-bocalauraco.fr\/?page_id=122","title":{"rendered":"Bilan de comp\u00e9tence"},"content":{"rendered":"\n<section class=\"wp-block-group alignfull has-text-color has-global-padding is-layout-constrained wp-container-core-group-is-layout-4252d6ba wp-block-group-is-layout-constrained\" style=\"border-radius:0px;color:#03081e;margin-top:0px;padding-top:6.51rem;padding-right:1rem;padding-bottom:5.5rem;padding-left:1rem;font-size:clamp(0.875rem, 0.875rem + ((1vw - 0.2rem) * 0.4), 1.13rem);font-style:normal;font-weight:400;line-height:1.4\">\n<div class=\"wp-block-columns is-layout-flex wp-container-core-columns-is-layout-db2df21c wp-block-columns-is-layout-flex\" style=\"margin-bottom:0px\">\n<div class=\"wp-block-column has-global-padding is-content-justification-left is-layout-constrained wp-container-core-column-is-layout-12dd3699 wp-block-column-is-layout-constrained\" style=\"flex-basis:45%\">\n<figure class=\"wp-block-image aligncenter size-full is-resized has-custom-border\"><img loading=\"lazy\" decoding=\"async\" width=\"1920\" height=\"2560\" src=\"https:\/\/le-bocalauraco.fr\/wp-content\/uploads\/2025\/12\/masantocreative-iF-eVN3RCiU-unsplash-scaled.jpg\" alt=\"\" class=\"wp-image-238\" style=\"border-radius:30px;width:425px;height:auto\" srcset=\"https:\/\/le-bocalauraco.fr\/wp-content\/uploads\/2025\/12\/masantocreative-iF-eVN3RCiU-unsplash-scaled.jpg 1920w, https:\/\/le-bocalauraco.fr\/wp-content\/uploads\/2025\/12\/masantocreative-iF-eVN3RCiU-unsplash-225x300.jpg 225w, https:\/\/le-bocalauraco.fr\/wp-content\/uploads\/2025\/12\/masantocreative-iF-eVN3RCiU-unsplash-768x1024.jpg 768w, https:\/\/le-bocalauraco.fr\/wp-content\/uploads\/2025\/12\/masantocreative-iF-eVN3RCiU-unsplash-1152x1536.jpg 1152w, https:\/\/le-bocalauraco.fr\/wp-content\/uploads\/2025\/12\/masantocreative-iF-eVN3RCiU-unsplash-1536x2048.jpg 1536w\" sizes=\"auto, (max-width: 1920px) 100vw, 1920px\" \/><\/figure>\n<\/div>\n\n\n\n<div class=\"wp-block-column is-layout-flow wp-block-column-is-layout-flow\">\n<div class=\"wp-block-group is-vertical is-content-justification-left is-layout-flex wp-container-core-group-is-layout-c5d44cae wp-block-group-is-layout-flex\" style=\"min-height:100%\">\n<div class=\"wp-block-group has-global-padding is-content-justification-center is-layout-constrained wp-container-core-group-is-layout-b15c80d6 wp-block-group-is-layout-constrained\">\n<h3 class=\"wp-block-heading has-text-align-left has-text-color\" style=\"color:#c91251;margin-top:0.5rem;margin-bottom:1.01rem;font-size:clamp(24.034px, 1.502rem + ((1vw - 3.2px) * 1.565), 40px);font-style:normal;font-weight:400;letter-spacing:0px;line-height:1.3;text-transform:capitalize\"><strong>Le bilan de comp\u00e9tences c&rsquo;est quoi ?<\/strong><\/h3>\n\n\n\n<p><\/p>\n\n\n\n<p class=\"has-text-align-left has-text-color\" style=\"color:#03081e;margin-top:0rem;font-size:clamp(14px, 0.875rem + ((1vw - 3.2px) * 0.392), 18px);font-style:normal;font-weight:400;line-height:1.6\"><a href=\"https:\/\/travail-emploi.gouv.fr\/le-bilan-de-competences\" data-type=\"link\" data-id=\"https:\/\/travail-emploi.gouv.fr\/le-bilan-de-competences\" target=\"_blank\" rel=\"noreferrer noopener\">Le bilan de comp\u00e9tences<\/a> est un accompagnement individuel qui permet de faire le point sur votre parcours professionnel, d\u2019identifier vos comp\u00e9tences, vos motivations, vos valeurs, et de clarifier vos envies d\u2019\u00e9volution.<\/p>\n\n\n\n<p>Il s\u2019adresse \u00e0&nbsp;<strong>tous les actifs<\/strong>&nbsp;: <mark style=\"background-color:rgba(0, 0, 0, 0);color:#c91251\" class=\"has-inline-color\">salari\u00e9s du secteur priv\u00e9, agents de la fonction publique, demandeurs d\u2019emploi, ou toute personne en transition professionnelle. <\/mark><em><mark style=\"background-color:rgba(0, 0, 0, 0)\" class=\"has-inline-color has-contrast-color\">Aucun pr\u00e9requis n\u2019est n\u00e9cessaire.<\/mark><\/em><\/p>\n\n\n\n<p style=\"font-size:clamp(14px, 0.875rem + ((1vw - 3.2px) * 0.294), 17px);\">Il vous aide \u00e0 identifier ce qui vous correspond et \u00e0 b\u00e2tir un projet professionnel solide, que ce soit pour \u00e9voluer ou vous reconvertir.&nbsp;<\/p>\n\n\n\n<div style=\"height:35px\" aria-hidden=\"true\" class=\"wp-block-spacer\"><\/div>\n\n\n\n<div class=\"wp-block-columns alignfull is-layout-flex wp-container-core-columns-is-layout-28f84493 wp-block-columns-is-layout-flex\">\n<div class=\"wp-block-column is-layout-flow wp-block-column-is-layout-flow\">\n<div class=\"wp-block-buttons is-content-justification-center is-layout-flex wp-container-core-buttons-is-layout-a89b3969 wp-block-buttons-is-layout-flex\">\n<div class=\"wp-block-button is-style-outline is-style-outline--1\"><a class=\"wp-block-button__link has-text-color has-link-color has-border-color wp-element-button\" href=\"https:\/\/le-bocalauraco.fr\/wp-content\/uploads\/2025\/12\/Presentation-bdc-Bocalauraco.pdf\" style=\"border-color:#c91251;border-width:2px;border-radius:13px;color:#c91251\" target=\"_blank\" rel=\"noreferrer noopener\"><strong>Plaquette  Bocalauraco<\/strong><\/a><\/div>\n<\/div>\n<\/div>\n<\/div>\n<\/div>\n<\/div>\n<\/div>\n<\/div>\n<\/section>\n\n\n\n<div class=\"wp-block-columns alignwide is-layout-flex wp-container-core-columns-is-layout-28f84493 wp-block-columns-is-layout-flex\">\n<div class=\"wp-block-column is-vertically-aligned-center is-layout-flow wp-block-column-is-layout-flow\">\n<figure class=\"wp-block-image aligncenter size-full is-resized\"><img loading=\"lazy\" decoding=\"async\" width=\"500\" height=\"500\" src=\"https:\/\/le-bocalauraco.fr\/wp-content\/uploads\/2025\/12\/Design-sans-titre-3.png\" alt=\"\" class=\"wp-image-315\" style=\"width:71px;height:auto\" srcset=\"https:\/\/le-bocalauraco.fr\/wp-content\/uploads\/2025\/12\/Design-sans-titre-3.png 500w, https:\/\/le-bocalauraco.fr\/wp-content\/uploads\/2025\/12\/Design-sans-titre-3-300x300.png 300w, https:\/\/le-bocalauraco.fr\/wp-content\/uploads\/2025\/12\/Design-sans-titre-3-150x150.png 150w\" sizes=\"auto, (max-width: 500px) 100vw, 500px\" \/><\/figure>\n\n\n\n<h2 class=\"wp-block-heading has-text-align-center\" style=\"font-size:clamp(14px, 0.875rem + ((1vw - 3.2px) * 0.588), 20px);\"><strong>Mieux d\u00e9couvrir vos comp\u00e9tences<\/strong><\/h2>\n\n\n\n<p class=\"has-text-align-center\" style=\"font-size:clamp(14px, 0.875rem + ((1vw - 3.2px) * 0.196), 16px);\">Identifier ce que vous savez faire, vos points forts et vos atouts pour mieux valoriser votre parcours.<\/p>\n<\/div>\n\n\n\n<div class=\"wp-block-column is-layout-flow wp-block-column-is-layout-flow\">\n<figure class=\"wp-block-image aligncenter size-full is-resized\"><img loading=\"lazy\" decoding=\"async\" width=\"500\" height=\"500\" src=\"https:\/\/le-bocalauraco.fr\/wp-content\/uploads\/2025\/12\/Design-sans-titre-3.png\" alt=\"\" class=\"wp-image-315\" style=\"width:71px;height:auto\" srcset=\"https:\/\/le-bocalauraco.fr\/wp-content\/uploads\/2025\/12\/Design-sans-titre-3.png 500w, https:\/\/le-bocalauraco.fr\/wp-content\/uploads\/2025\/12\/Design-sans-titre-3-300x300.png 300w, https:\/\/le-bocalauraco.fr\/wp-content\/uploads\/2025\/12\/Design-sans-titre-3-150x150.png 150w\" sizes=\"auto, (max-width: 500px) 100vw, 500px\" \/><\/figure>\n\n\n\n<h2 class=\"wp-block-heading has-text-align-center\" style=\"font-size:clamp(14px, 0.875rem + ((1vw - 3.2px) * 0.588), 20px);\"><mark style=\"background-color:rgba(0, 0, 0, 0)\" class=\"has-inline-color has-contrast-color\"><strong>Construire un projet professionnel <\/strong><\/mark><\/h2>\n\n\n\n<p class=\"has-text-align-center\" style=\"font-size:clamp(14px, 0.875rem + ((1vw - 3.2px) * 0.196), 16px);\">D\u00e9finir une orientation solide et coh\u00e9rente, adapt\u00e9e \u00e0 vos envies, \u00e0 vos comp\u00e9tences et aux r\u00e9alit\u00e9s du march\u00e9.<\/p>\n<\/div>\n\n\n\n<div class=\"wp-block-column is-layout-flow wp-block-column-is-layout-flow\">\n<figure class=\"wp-block-image aligncenter size-full is-resized\"><img loading=\"lazy\" decoding=\"async\" width=\"500\" height=\"500\" src=\"https:\/\/le-bocalauraco.fr\/wp-content\/uploads\/2025\/12\/Design-sans-titre-3.png\" alt=\"\" class=\"wp-image-315\" style=\"width:71px;height:auto\" srcset=\"https:\/\/le-bocalauraco.fr\/wp-content\/uploads\/2025\/12\/Design-sans-titre-3.png 500w, https:\/\/le-bocalauraco.fr\/wp-content\/uploads\/2025\/12\/Design-sans-titre-3-300x300.png 300w, https:\/\/le-bocalauraco.fr\/wp-content\/uploads\/2025\/12\/Design-sans-titre-3-150x150.png 150w\" sizes=\"auto, (max-width: 500px) 100vw, 500px\" \/><\/figure>\n\n\n\n<h2 class=\"wp-block-heading has-text-align-center\" style=\"font-size:clamp(14px, 0.875rem + ((1vw - 3.2px) * 0.588), 20px);\"><mark style=\"background-color:rgba(0, 0, 0, 0)\" class=\"has-inline-color has-contrast-color\"><strong>Pr\u00e9parer la <\/strong><\/mark><mark style=\"background-color:rgba(0, 0, 0, 0)\" class=\"has-inline-color has-contrast-color\"><strong>transition<\/strong><\/mark><\/h2>\n\n\n\n<p class=\"has-text-align-center\" style=\"font-size:clamp(14px, 0.875rem + ((1vw - 3.2px) * 0.196), 16px);\">Anticiper les changements, s\u00e9curiser votre parcours et avancer vers une nouvelle \u00e9tape professionnelle.<\/p>\n<\/div>\n<\/div>\n\n\n\n<div style=\"height:89px\" aria-hidden=\"true\" class=\"wp-block-spacer\"><\/div>\n\n\n\n<div class=\"wp-block-group alignfull has-background has-global-padding is-layout-constrained wp-block-group-is-layout-constrained\" style=\"background-color:#f5f8f5\">\n<div class=\"wp-block-group alignfull has-background has-global-padding is-layout-constrained wp-block-group-is-layout-constrained\" style=\"background-color:#f5f8f5\">\n<div style=\"height:41px\" aria-hidden=\"true\" class=\"wp-block-spacer\"><\/div>\n\n\n\n<h2 class=\"wp-block-heading has-text-align-center has-text-color has-link-color wp-elements-e7d7a8f45d36d735069f3ab0a3c26d5f\" style=\"color:#c91251;font-size:clamp(24.034px, 1.502rem + ((1vw - 3.2px) * 1.565), 40px);\"><strong>Comment \u00e7a marche ? <\/strong><\/h2>\n\n\n\n<hr class=\"wp-block-separator has-text-color has-accent-1-color has-alpha-channel-opacity has-accent-1-background-color has-background\"\/>\n\n\n\n<div class=\"wp-block-buttons alignwide is-content-justification-center is-layout-flex wp-container-core-buttons-is-layout-a89b3969 wp-block-buttons-is-layout-flex\">\n<div class=\"wp-block-button is-style-outline is-style-outline--2\"><a class=\"wp-block-button__link has-text-color has-link-color has-border-color has-custom-font-size wp-element-button\" href=\"https:\/\/le-bocalauraco.fr\/wp-content\/uploads\/2025\/12\/Informations-\u2013-Bilan-de-competences-Bocalauraco.pdf\" style=\"border-color:#c91251;border-width:2px;border-radius:8px;color:#c91251;padding-top:var(--wp--preset--spacing--20);padding-bottom:var(--wp--preset--spacing--20);font-size:12px\" target=\"_blank\" rel=\"noreferrer noopener\"><strong>Le programme<\/strong><\/a><\/div>\n<\/div>\n\n\n\n<div style=\"height:21px\" aria-hidden=\"true\" class=\"wp-block-spacer\"><\/div>\n\n\n\n<p style=\"font-size:clamp(14px, 0.875rem + ((1vw - 3.2px) * 0.392), 18px);\"><strong>1. Faire le point<br><\/strong>On analyse votre parcours, vos exp\u00e9riences, vos motivations et vos valeurs pour identifier vos ressources et vos axes de d\u00e9veloppement.<\/p>\n\n\n\n<p style=\"font-size:clamp(14px, 0.875rem + ((1vw - 3.2px) * 0.392), 18px);\"><strong>2. Explorer les pistes<\/strong><br>Vous\u00a0investiguez\u00a0diff\u00e9rents m\u00e9tiers ou orientations gr\u00e2ce \u00e0 des recherches, enqu\u00eates terrain, tests et outils adapt\u00e9s.<\/p>\n\n\n\n<p style=\"font-size:clamp(14px, 0.875rem + ((1vw - 3.2px) * 0.392), 18px);\"><strong>3. Construire votre projet<\/strong><br>Nous validons ensemble une ou plusieurs options r\u00e9alistes, puis \u00e9laborons un plan d\u2019action concret pour avancer en confiance<\/p>\n\n\n\n<p class=\"is-style-text-annotation is-style-text-annotation--3\" style=\"font-size:11px\"><em>Nous vous r\u00e9pondons sous 48 h (jours ouvr\u00e9s). Un entretien pr\u00e9alable gratuit de 30\u201345 min est ensuite propos\u00e9 avec votre future consultante. Le d\u00e9lai entre la demande et le d\u00e9but du bilan est de 15 jours \u00e0 1 mois.<\/em><\/p>\n\n\n\n<div style=\"height:73px\" aria-hidden=\"true\" class=\"wp-block-spacer\"><\/div>\n\n\n\n<div style=\"height:0px\" aria-hidden=\"true\" class=\"wp-block-spacer\"><\/div>\n<\/div>\n\n\n\n<div class=\"wp-block-group alignwide has-background is-layout-flow wp-block-group-is-layout-flow\" style=\"background-color:#f5f8f5\">\n<div class=\"wp-block-columns is-layout-flex wp-container-core-columns-is-layout-28f84493 wp-block-columns-is-layout-flex\">\n<div class=\"wp-block-column has-background is-layout-flow wp-container-core-column-is-layout-9ff8d5c1 wp-block-column-is-layout-flow\" style=\"background-color:#c91251;padding-right:var(--wp--preset--spacing--40);padding-left:var(--wp--preset--spacing--40)\">\n<div style=\"height:14px\" aria-hidden=\"true\" class=\"wp-block-spacer\"><\/div>\n\n\n\n<figure class=\"wp-block-image aligncenter size-full is-resized\"><img loading=\"lazy\" decoding=\"async\" width=\"500\" height=\"500\" src=\"https:\/\/le-bocalauraco.fr\/wp-content\/uploads\/2025\/12\/1.png\" alt=\"\" class=\"wp-image-333\" style=\"width:96px;height:auto\" srcset=\"https:\/\/le-bocalauraco.fr\/wp-content\/uploads\/2025\/12\/1.png 500w, https:\/\/le-bocalauraco.fr\/wp-content\/uploads\/2025\/12\/1-300x300.png 300w, https:\/\/le-bocalauraco.fr\/wp-content\/uploads\/2025\/12\/1-150x150.png 150w\" sizes=\"auto, (max-width: 500px) 100vw, 500px\" \/><\/figure>\n\n\n\n<h2 class=\"wp-block-heading has-text-align-center has-base-color has-text-color has-link-color wp-elements-fb7dccd24b93158a13ce77f4bb8bcb8e\" style=\"font-size:clamp(16.293px, 1.018rem + ((1vw - 3.2px) * 0.854), 25px);\"><strong><mark style=\"background-color:rgba(0, 0, 0, 0);color:#ffd069\" class=\"has-inline-color\">Dur\u00e9e<\/mark><\/strong><\/h2>\n\n\n\n<p class=\"has-base-color has-text-color has-link-color wp-elements-b0a513947a872f1e48fb9fde087fab46\" style=\"font-size:clamp(14px, 0.875rem + ((1vw - 3.2px) * 0.098), 15px);\"><strong>16 heures d\u2019accompagnement individuel <\/strong>en pr\u00e9sentiel ou distanciel<\/p>\n\n\n\n<p class=\"has-base-color has-text-color has-link-color wp-elements-2bfee0774272551dd18ff1de6b53d745\" style=\"font-size:clamp(14px, 0.875rem + ((1vw - 3.2px) * 0.098), 15px);\">R\u00e9parties sur <strong>6 \u00e0 10 semaines<\/strong> selon votre rythme<\/p>\n\n\n\n<div style=\"height:31px\" aria-hidden=\"true\" class=\"wp-block-spacer\"><\/div>\n<\/div>\n\n\n\n<div class=\"wp-block-column has-background is-layout-flow wp-container-core-column-is-layout-9ff8d5c1 wp-block-column-is-layout-flow\" style=\"background-color:#c91251;padding-right:var(--wp--preset--spacing--40);padding-left:var(--wp--preset--spacing--40)\">\n<div style=\"height:14px\" aria-hidden=\"true\" class=\"wp-block-spacer\"><\/div>\n\n\n\n<figure class=\"wp-block-image aligncenter size-full is-resized\"><img loading=\"lazy\" decoding=\"async\" width=\"500\" height=\"500\" src=\"https:\/\/le-bocalauraco.fr\/wp-content\/uploads\/2025\/12\/4.png\" alt=\"\" class=\"wp-image-336\" style=\"width:96px;height:auto\" srcset=\"https:\/\/le-bocalauraco.fr\/wp-content\/uploads\/2025\/12\/4.png 500w, https:\/\/le-bocalauraco.fr\/wp-content\/uploads\/2025\/12\/4-300x300.png 300w, https:\/\/le-bocalauraco.fr\/wp-content\/uploads\/2025\/12\/4-150x150.png 150w\" sizes=\"auto, (max-width: 500px) 100vw, 500px\" \/><\/figure>\n\n\n\n<h2 class=\"wp-block-heading has-text-align-center\" style=\"font-size:clamp(16.293px, 1.018rem + ((1vw - 3.2px) * 0.854), 25px);\"><strong><mark style=\"background-color:rgba(0, 0, 0, 0);color:#ffd069\" class=\"has-inline-color\">Organisation<\/mark><\/strong><\/h2>\n\n\n\n<p class=\"has-base-color has-text-color has-link-color wp-elements-8181eed8dd4e90ffefc16b7d4c4a4f06\" style=\"font-size:clamp(14px, 0.875rem + ((1vw - 3.2px) * 0.098), 15px);\">Entretiens <strong>hebdomadaires de 1 \u00e0 2 h<\/strong><\/p>\n\n\n\n<p class=\"has-base-color has-text-color has-link-color wp-elements-a4fac0487633cc62c70557ea4c6b081d\" style=\"font-size:clamp(14px, 0.875rem + ((1vw - 3.2px) * 0.098), 15px);\"><strong>Exercices<\/strong> inter-s\u00e9ances guid\u00e9s<\/p>\n\n\n\n<p class=\"has-base-color has-text-color has-link-color wp-elements-4d6773f5d7b0f5aafb9761daeb937297\" style=\"font-size:clamp(14px, 0.875rem + ((1vw - 3.2px) * 0.098), 15px);\">Acc\u00e8s \u00e0 des <strong>outils et ressources personnalis\u00e9es<\/strong><\/p>\n\n\n\n<div style=\"height:31px\" aria-hidden=\"true\" class=\"wp-block-spacer\"><\/div>\n<\/div>\n\n\n\n<div class=\"wp-block-column has-background is-layout-flow wp-container-core-column-is-layout-9ff8d5c1 wp-block-column-is-layout-flow\" style=\"background-color:#c91251;padding-right:var(--wp--preset--spacing--40);padding-left:var(--wp--preset--spacing--40)\">\n<div style=\"height:14px\" aria-hidden=\"true\" class=\"wp-block-spacer\"><\/div>\n\n\n\n<figure class=\"wp-block-image aligncenter size-full is-resized\"><img loading=\"lazy\" decoding=\"async\" width=\"500\" height=\"500\" src=\"https:\/\/le-bocalauraco.fr\/wp-content\/uploads\/2025\/12\/3.png\" alt=\"\" class=\"wp-image-335\" style=\"width:96px;height:auto\" srcset=\"https:\/\/le-bocalauraco.fr\/wp-content\/uploads\/2025\/12\/3.png 500w, https:\/\/le-bocalauraco.fr\/wp-content\/uploads\/2025\/12\/3-300x300.png 300w, https:\/\/le-bocalauraco.fr\/wp-content\/uploads\/2025\/12\/3-150x150.png 150w\" sizes=\"auto, (max-width: 500px) 100vw, 500px\" \/><\/figure>\n\n\n\n<h2 class=\"wp-block-heading has-text-align-center has-base-color has-text-color has-link-color wp-elements-5bb764faa30b02d5bb57de2cf769c8d5\" style=\"font-size:clamp(16.293px, 1.018rem + ((1vw - 3.2px) * 0.854), 25px);\"><strong><mark style=\"background-color:rgba(0, 0, 0, 0);color:#ffd069\" class=\"has-inline-color\">Supports fournis<\/mark><\/strong><\/h2>\n\n\n\n<p class=\"has-base-color has-text-color has-link-color wp-elements-8db12beffd19f28e75bd11aa3d9128dc\" style=\"font-size:clamp(14px, 0.875rem + ((1vw - 3.2px) * 0.098), 15px);\"><strong>Dossier de synth\u00e8se <\/strong>complet<\/p>\n\n\n\n<p class=\"has-base-color has-text-color has-link-color wp-elements-155baae2e08b1f39b266b73dd2085c85\" style=\"font-size:clamp(14px, 0.875rem + ((1vw - 3.2px) * 0.098), 15px);\">Tests, grilles, fiches pratiques<\/p>\n\n\n\n<p class=\"has-base-color has-text-color has-link-color wp-elements-da56adc53d60772b9d1595ba9740ef99\" style=\"font-size:clamp(14px, 0.875rem + ((1vw - 3.2px) * 0.098), 15px);\"><strong>Plan d\u2019action final <\/strong>structur\u00e9<\/p>\n<\/div>\n\n\n\n<div class=\"wp-block-column has-background is-layout-flow wp-container-core-column-is-layout-9ff8d5c1 wp-block-column-is-layout-flow\" style=\"background-color:#c91251;padding-right:var(--wp--preset--spacing--40);padding-left:var(--wp--preset--spacing--40)\">\n<div style=\"height:14px\" aria-hidden=\"true\" class=\"wp-block-spacer\"><\/div>\n\n\n\n<figure class=\"wp-block-image aligncenter size-full is-resized\"><img loading=\"lazy\" decoding=\"async\" width=\"500\" height=\"500\" src=\"https:\/\/le-bocalauraco.fr\/wp-content\/uploads\/2025\/12\/2.png\" alt=\"\" class=\"wp-image-334\" style=\"width:96px;height:auto\" srcset=\"https:\/\/le-bocalauraco.fr\/wp-content\/uploads\/2025\/12\/2.png 500w, https:\/\/le-bocalauraco.fr\/wp-content\/uploads\/2025\/12\/2-300x300.png 300w, https:\/\/le-bocalauraco.fr\/wp-content\/uploads\/2025\/12\/2-150x150.png 150w\" sizes=\"auto, (max-width: 500px) 100vw, 500px\" \/><\/figure>\n\n\n\n<h2 class=\"wp-block-heading has-text-align-center has-base-color has-text-color has-link-color wp-elements-979971125e7fec4227d58faf1ce072e2\" style=\"font-size:clamp(16.293px, 1.018rem + ((1vw - 3.2px) * 0.854), 25px);\"><strong><mark style=\"background-color:rgba(0, 0, 0, 0);color:#ffd069\" class=\"has-inline-color\">Confidentialit\u00e9<\/mark><\/strong><\/h2>\n\n\n\n<p class=\"has-base-color has-text-color has-link-color wp-elements-2e022f80374cdb80b885620e0d56d2c5\" style=\"font-size:clamp(14px, 0.875rem + ((1vw - 3.2px) * 0.098), 15px);\">Respect strict du<strong> code de d\u00e9ontologie<\/strong><\/p>\n\n\n\n<p class=\"has-link-color wp-elements-abc9feef1e26f82b68f665632b7e7e86\" style=\"font-size:clamp(14px, 0.875rem + ((1vw - 3.2px) * 0.098), 15px);\"><mark style=\"background-color:rgba(0, 0, 0, 0)\" class=\"has-inline-color has-base-color\">Donn\u00e9es personnelles <strong>prot\u00e9g\u00e9es<\/strong><\/mark><\/p>\n\n\n\n<p class=\"has-base-color has-text-color has-link-color wp-elements-0ed846b4373d13a217eff7f961a67fea\" style=\"font-size:clamp(14px, 0.875rem + ((1vw - 3.2px) * 0.098), 15px);\">Accompagnement assur\u00e9 par un <strong>consultant certifi\u00e9<\/strong><\/p>\n<\/div>\n<\/div>\n\n\n\n<div style=\"height:52px\" aria-hidden=\"true\" class=\"wp-block-spacer\"><\/div>\n\n\n\n<section class=\"wp-block-group alignfull has-text-color has-global-padding is-layout-constrained wp-container-core-group-is-layout-5e70687f wp-block-group-is-layout-constrained\" style=\"color:#212121;margin-top:0rem;padding-right:1rem;padding-left:1rem;font-size:clamp(0.875rem, 0.875rem + ((1vw - 0.2rem) * 0.4), 1.13rem);font-style:normal;font-weight:400;line-height:1.5\">\n<hr class=\"wp-block-separator has-text-color has-accent-1-color has-alpha-channel-opacity has-accent-1-background-color has-background\"\/>\n<\/section>\n<\/div>\n<\/div>\n\n\n\n<div class=\"wp-block-group alignfull has-global-padding is-layout-constrained wp-container-core-group-is-layout-6d8556d3 wp-block-group-is-layout-constrained\" style=\"margin-top:0px;margin-bottom:0px;padding-top:100px;padding-right:20px;padding-bottom:100px;padding-left:20px\">\n<div class=\"wp-block-columns alignwide has-border-color is-layout-flex wp-container-core-columns-is-layout-d1c811ea wp-block-columns-is-layout-flex\" style=\"border-color:#c91251;border-width:2px;margin-top:0px;margin-bottom:0px;padding-top:30px;padding-right:var(--wp--preset--spacing--30);padding-bottom:30px;padding-left:var(--wp--preset--spacing--30)\">\n<div class=\"wp-block-column is-vertically-aligned-center is-layout-flow wp-container-core-column-is-layout-abe5317a wp-block-column-is-layout-flow\" style=\"padding-top:0px;padding-right:0px;padding-bottom:40px;padding-left:0px\">\n<h6 class=\"wp-block-heading has-accent-4-color has-text-color\" style=\"margin-bottom:12px;font-size:12px\">Financement<\/h6>\n\n\n\n<h2 class=\"wp-block-heading has-text-color has-inter-font-family\" style=\"color:#c91251;margin-top:0;margin-bottom:36px;font-size:clamp(27.42px, 1.714rem + ((1vw - 3.2px) * 1.92), 47px);font-style:normal;font-weight:700\">Comment financer son bilan de comp\u00e9tences ? <\/h2>\n\n\n\n<p class=\"has-text-align-left has-contrast-color has-base-background-color has-text-color has-background\" style=\"margin-bottom:2.75rem;font-size:clamp(14px, 0.875rem + ((1vw - 3.2px) * 0.196), 16px);\"><strong>Tarif : 1 800 \u20ac<\/strong><br>Plusieurs solutions de financement sont possibles : CPF, employeur, OPCO ou aides selon votre situation. Nous vous aidons \u00e0 identifier l\u2019option la plus adapt\u00e9e lors de l\u2019entretien pr\u00e9alable gratuit.<\/p>\n\n\n\n<ol class=\"wp-block-list\">\n<li style=\"font-size:clamp(14px, 0.875rem + ((1vw - 3.2px) * 0.196), 16px);\"><strong>Via MonCompteFormation (CPF)<\/strong><br>Le CPF peut couvrir tout ou partie du bilan, quel que soit votre statut.<br>Vous mobilisez simplement vos droits depuis : <em><a href=\"https:\/\/www.moncompteformation.gouv.fr\/espace-prive\/html\/#\/\" data-type=\"link\" data-id=\"https:\/\/www.moncompteformation.gouv.fr\/espace-prive\/html\/#\/\" target=\"_blank\" rel=\"noreferrer noopener\">MonCompteFormation.gouv.fr.<\/a><\/em><\/li>\n\n\n\n<li style=\"font-size:clamp(14px, 0.875rem + ((1vw - 3.2px) * 0.196), 16px);\"><strong>Par votre employeur<br><\/strong>Si vous \u00eates salari\u00e9, votre entreprise peut financer votre bilan dans le cadre du&nbsp;plan de d\u00e9veloppement des comp\u00e9tences.<br>Vous pouvez aussi demander \u00e0 r\u00e9aliser le bilan sur votre temps de travail (avec accord de l\u2019employeur).<\/li>\n\n\n\n<li style=\"font-size:clamp(14px, 0.875rem + ((1vw - 3.2px) * 0.196), 16px);\"><strong>Si vous \u00eates demandeur d\u2019emploi<br><\/strong>Le financement peut se faire via votre CPF et, selon votre situation, \u00eatre compl\u00e9t\u00e9 par des aides \u00e9tudi\u00e9es avec votre conseiller P\u00f4le Emploi ou Mission Locale.<\/li>\n\n\n\n<li style=\"font-size:clamp(14px, 0.875rem + ((1vw - 3.2px) * 0.196), 16px);\"><strong>Via l\u2019OPCO de votre branche <\/strong><br>Les entreprises peuvent solliciter leur&nbsp;OPCO, qui peut prendre en charge tout ou partie du bilan pour leurs salari\u00e9s.<\/li>\n<\/ol>\n\n\n\n<div style=\"height:55px\" aria-hidden=\"true\" class=\"wp-block-spacer\"><\/div>\n\n\n\n<p class=\"is-style-text-annotation has-small-font-size is-style-text-annotation--4\"><strong>D\u00e9lai de r\u00e9tractation<\/strong><br>Apr\u00e8s confirmation de son inscription, le participant dispose d\u2019un d\u00e9lai de 14 jours ouvr\u00e9s pour exercer son droit de r\u00e9tractation via la fonctionnalit\u00e9 d\u00e9di\u00e9e sur la plateforme de la Caisse des D\u00e9p\u00f4ts. Le Bocalauraco est alors notifi\u00e9 de la demande.<br>\u00c0 l\u2019issue de ce d\u00e9lai, l\u2019inscription devient d\u00e9finitive et le participant s\u2019engage \u00e0 suivre le bilan de comp\u00e9tences<br>Un reste \u00e0 charge de 103,20\u00a0 \u20ac est demand\u00e9 au moment de l\u2019inscription.<\/p>\n\n\n\n<div style=\"height:11px\" aria-hidden=\"true\" class=\"wp-block-spacer\"><\/div>\n\n\n\n<p style=\"font-size:11px\"><em>*Depuis le 25 octobre 2022, l\u2019achat de formations sur&nbsp;MonCompteFormation&nbsp;n\u00e9cessite l\u2019utilisation de&nbsp;FranceConnect+, qui impose la cr\u00e9ation d\u2019une&nbsp;Identit\u00e9 Num\u00e9rique La Poste. : <a href=\"https:\/\/aide.lidentitenumerique.laposte.fr\/kb\/fr\/creer-mon-identite-numerique-10408\" data-type=\"link\" data-id=\"https:\/\/aide.lidentitenumerique.laposte.fr\/kb\/fr\/creer-mon-identite-numerique-10408\" target=\"_blank\" rel=\"noreferrer noopener\">Cr\u00e9er mon identit\u00e9 num\u00e9rique<\/a><\/em><\/p>\n<\/div>\n<\/div>\n\n\n\n<div style=\"height:39px\" aria-hidden=\"true\" class=\"wp-block-spacer\"><\/div>\n\n\n\n<h2 class=\"wp-block-heading has-text-color has-link-color wp-elements-50ac6d497b0b95db4704cac1cb377bba\" style=\"color:#c91251\"><strong>Cadre l\u00e9gal<\/strong><\/h2>\n\n\n\n<p style=\"font-size:clamp(14px, 0.875rem + ((1vw - 3.2px) * 0.196), 16px);\">Le bilan de comp\u00e9tences entre dans le champ de la formation continue. Il permet d&rsquo;analyser ses comp\u00e9tences professionnelles et personnelles, ses aptitudes et ses motivations en appui d&rsquo;un projet d&rsquo;\u00e9volution professionnelle (\u00e9voluer dans son entreprise, changer d&rsquo;entreprise, changer de m\u00e9tier,&#8230;) et, le cas \u00e9ch\u00e9ant, de formation. Il est r\u00e9gi par<a href=\"https:\/\/supexpertise.fr\/wp-content\/uploads\/2022\/05\/Cadre-legal-du-Bilan-de-competences.pdf\" data-type=\"link\" data-id=\"https:\/\/supexpertise.fr\/wp-content\/uploads\/2022\/05\/Cadre-legal-du-Bilan-de-competences.pdf\" target=\"_blank\" rel=\"noreferrer noopener\"> un cadre l\u00e9gal pr\u00e9cis.<\/a><\/p>\n\n\n\n<div class=\"wp-block-buttons is-layout-flex wp-block-buttons-is-layout-flex\">\n<div class=\"wp-block-button is-style-outline is-style-outline--5\"><a class=\"wp-block-button__link has-text-color has-link-color has-border-color has-custom-font-size wp-element-button\" href=\"https:\/\/le-bocalauraco.fr\/wp-content\/uploads\/2025\/12\/charte-deontologique-bilan-de-competences-1-e1781761.pdf\" style=\"border-color:#c91251;border-width:3px;border-radius:8px;color:#c91251;padding-top:var(--wp--preset--spacing--20);padding-bottom:var(--wp--preset--spacing--20);font-size:13px\" target=\"_blank\" rel=\"noreferrer noopener\"><strong>Charte de d\u00e9ontologie<\/strong><\/a><\/div>\n<\/div>\n<\/div>\n\n\n\n<div class=\"wp-block-group alignfull has-border-color has-background has-global-padding is-layout-constrained wp-container-core-group-is-layout-a151063b wp-block-group-is-layout-constrained\" style=\"border-color:#c91251;border-width:3px;background-color:#c91251;padding-top:var(--wp--preset--spacing--50);padding-right:var(--wp--preset--spacing--40);padding-bottom:var(--wp--preset--spacing--50);padding-left:var(--wp--preset--spacing--40)\">\n<h2 class=\"wp-block-heading alignwide has-text-align-center has-accent-5-color has-text-color has-link-color wp-elements-17d49fb057c2a18d5e6222c174c5cd09\" style=\"font-size:clamp(24.034px, 1.502rem + ((1vw - 3.2px) * 1.565), 40px);\"><strong>Indices Qualit\u00e9<\/strong><\/h2>\n\n\n\n<hr class=\"wp-block-separator has-text-color has-alpha-channel-opacity has-background\" style=\"background-color:#ffd059;color:#ffd059\"\/>\n\n\n\n<div style=\"height:0px\" aria-hidden=\"true\" class=\"wp-block-spacer\"><\/div>\n\n\n\n<div class=\"wp-block-stackable-carousel stk-block-carousel stk--is-slide stk--arrows-justify-space-between stk--arrows-align-center stk-block stk-fd3dc7a\" data-slides-to-show=\"\" data-block-id=\"fd3dc7a\"><style>.stk-fd3dc7a {--gap:35px !important;}<\/style><div class=\"stk-block-carousel__content-wrapper\"><div class=\"stk-row stk-inner-blocks has-text-align-left stk-block-content stk-block-carousel__slider-wrapper stk-content-align stk-fd3dc7a-column\"><div class=\"stk-block-carousel__slider\" role=\"list\" data-autoplay=\"4000\" data-label-slide-of=\"Slide %%d of %%d\" tabindex=\"0\">\n<div class=\"wp-block-stackable-column stk-block-column stk-column stk-block stk-b64fe12\" data-v=\"4\" data-block-id=\"b64fe12\"><div class=\"stk-column-wrapper stk-block-column__content stk-container stk-b64fe12-container stk--no-background stk--no-padding\"><div class=\"stk-block-content stk-inner-blocks stk-b64fe12-inner-blocks\">\n<p class=\"has-text-align-center has-base-color has-text-color has-link-color wp-elements-15c03651d000620f340ae4aeb1a0bea6\" style=\"font-size:clamp(16.293px, 1.018rem + ((1vw - 3.2px) * 0.854), 25px);\"><strong>R\u00e9sultats &amp; recommandation<\/strong><\/p>\n\n\n\n<ul class=\"wp-block-list\">\n<li class=\"has-base-color has-text-color has-link-color wp-elements-371739a11c7b876530646d9c22f916c0\" style=\"font-size:clamp(14px, 0.875rem + ((1vw - 3.2px) * 0.588), 20px);\">Note moyenne :&nbsp;<strong>9\/10<\/strong><\/li>\n\n\n\n<li class=\"has-base-color has-text-color has-link-color wp-elements-7683e1f0049d4d01c43cdc3015465a70\" style=\"font-size:clamp(14px, 0.875rem + ((1vw - 3.2px) * 0.588), 20px);\"><strong>100 % recommandent<\/strong>&nbsp;Le Bocalauraco<\/li>\n\n\n\n<li class=\"has-base-color has-text-color has-link-color wp-elements-6e74fe1ffaa1abd98ec70935c8534b20\" style=\"font-size:clamp(14px, 0.875rem + ((1vw - 3.2px) * 0.588), 20px);\"><strong>90 % des objectifs atteints<\/strong><\/li>\n<\/ul>\n<\/div><\/div><\/div>\n\n\n\n<div class=\"wp-block-stackable-column stk-block-column stk-column stk-block stk-fa2ee15\" data-v=\"4\" data-block-id=\"fa2ee15\"><div class=\"stk-column-wrapper stk-block-column__content stk-container stk-fa2ee15-container stk--no-background stk--no-padding\"><div class=\"stk-block-content stk-inner-blocks stk-fa2ee15-inner-blocks\">\n<p class=\"has-text-align-center has-base-color has-text-color has-link-color wp-elements-b9a67941cd65847103e6b0c57cef4921\" style=\"font-size:clamp(16.293px, 1.018rem + ((1vw - 3.2px) * 0.854), 25px);\"><strong>Activit\u00e9 &amp; accompagnement.<\/strong><\/p>\n\n\n\n<ul class=\"wp-block-list\">\n<li class=\"has-base-color has-text-color has-link-color wp-elements-23626e96d2af72ace8767b6f77e76209\" style=\"font-size:clamp(14px, 0.875rem + ((1vw - 3.2px) * 0.588), 20px);\"><strong>20 bilans<\/strong>&nbsp;r\u00e9alis\u00e9s depuis 2022<\/li>\n\n\n\n<li class=\"has-base-color has-text-color has-link-color wp-elements-2c621eec8665ed65fd17430789f84e17\" style=\"font-size:clamp(14px, 0.875rem + ((1vw - 3.2px) * 0.588), 20px);\"><strong>90 %<\/strong>&nbsp;des entretiens de suivi \u00e0 6 mois effectu\u00e9s<\/li>\n<\/ul>\n<\/div><\/div><\/div>\n<\/div><div class=\"stk-block-carousel__buttons\"><button class=\"stk-block-carousel__button stk-block-carousel__button__prev\" aria-label=\"Previous slide\"><svg aria-hidden=\"true\" focusable=\"false\" data-prefix=\"fas\" data-icon=\"chevron-left\" class=\"svg-inline--fa fa-chevron-left\" xmlns=\"http:\/\/www.w3.org\/2000\/svg\" viewBox=\"0 0 320 512\" width=\"32\" height=\"32\"><path d=\"M34.52 239.03L228.87 44.69c9.37-9.37 24.57-9.37 33.94 0l22.67 22.67c9.36 9.36 9.37 24.52.04 33.9L131.49 256l154.02 154.75c9.34 9.38 9.32 24.54-.04 33.9l-22.67 22.67c-9.37 9.37-24.57 9.37-33.94 0L34.52 272.97c-9.37-9.37-9.37-24.57 0-33.94z\"><\/path><\/svg><\/button><button class=\"stk-block-carousel__button stk-block-carousel__button__next\" aria-label=\"Next slide\"><svg aria-hidden=\"true\" focusable=\"false\" data-prefix=\"fas\" data-icon=\"chevron-right\" class=\"svg-inline--fa fa-chevron-right\" xmlns=\"http:\/\/www.w3.org\/2000\/svg\" viewBox=\"0 0 320 512\" width=\"32\" height=\"32\"><path d=\"M285.476 272.971L91.132 467.314c-9.373 9.373-24.569 9.373-33.941 0l-22.667-22.667c-9.357-9.357-9.375-24.522-.04-33.901L188.505 256 34.484 101.255c-9.335-9.379-9.317-24.544.04-33.901l22.667-22.667c9.373-9.373 24.569-9.373 33.941 0L285.475 239.03c9.373 9.372 9.373 24.568.001 33.941z\"><\/path><\/svg><\/button><\/div><\/div><div class=\"stk-block-carousel__dots\" role=\"list\" data-label=\"Slide %%d\"><\/div><\/div><\/div>\n<\/div>\n\n\n\n<div style=\"height:65px\" aria-hidden=\"true\" class=\"wp-block-spacer\"><\/div>\n\n\n\n<div class=\"wp-block-columns alignwide are-vertically-aligned-center has-border-color has-background is-layout-flex wp-container-core-columns-is-layout-9c22b1e3 wp-block-columns-is-layout-flex\" style=\"border-color:#c91251;border-width:5px;background-color:#f5f8f5\">\n<div class=\"wp-block-column is-vertically-aligned-center is-layout-flow wp-block-column-is-layout-flow\" style=\"flex-basis:33.33%\">\n<figure class=\"wp-block-image aligncenter size-full is-resized\" style=\"margin-right:var(--wp--preset--spacing--30);margin-left:var(--wp--preset--spacing--30)\"><img loading=\"lazy\" decoding=\"async\" width=\"400\" height=\"397\" src=\"https:\/\/le-bocalauraco.fr\/wp-content\/uploads\/2025\/12\/accessibility.png\" alt=\"\" class=\"wp-image-550\" style=\"aspect-ratio:1.007633943117814;width:187px;height:auto\" srcset=\"https:\/\/le-bocalauraco.fr\/wp-content\/uploads\/2025\/12\/accessibility.png 400w, https:\/\/le-bocalauraco.fr\/wp-content\/uploads\/2025\/12\/accessibility-300x298.png 300w, https:\/\/le-bocalauraco.fr\/wp-content\/uploads\/2025\/12\/accessibility-150x150.png 150w\" sizes=\"auto, (max-width: 400px) 100vw, 400px\" \/><\/figure>\n<\/div>\n\n\n\n<div class=\"wp-block-column is-vertically-aligned-center is-layout-flow wp-block-column-is-layout-flow\" style=\"flex-basis:66.66%\">\n<p class=\"is-style-text-display is-style-text-display--6\" style=\"font-size:clamp(14px, 0.875rem + ((1vw - 3.2px) * 0.098), 15px);\"><strong>Besoin d\u2019un am\u00e9nagement li\u00e9 \u00e0 une situation de handicap ?<\/strong><\/p>\n\n\n\n<p style=\"font-size:14px\">Nous accompagnons chaque personne, y compris en situation de handicap, afin de garantir des conditions d\u2019apprentissage optimales. Si vous avez besoin d\u2019un am\u00e9nagement sp\u00e9cifique (rythme, supports, modalit\u00e9s, accessibilit\u00e9 physique ou cognitive), contactez-nous : nous \u00e9tudierons ensemble les solutions possibles pour adapter votre parcours.<\/p>\n\n\n\n<p style=\"font-size:clamp(14px, 0.875rem + ((1vw - 3.2px) * 0.098), 15px);\"><strong>R\u00e9f\u00e9rente Handicap : Rapha\u00eble Oliveau \u2013 06 73 61 31 41<\/strong><\/p>\n\n\n\n<div class=\"wp-block-buttons is-layout-flex wp-block-buttons-is-layout-flex\">\n<div class=\"wp-block-button is-style-outline is-style-outline--7\"><a class=\"wp-block-button__link has-border-color has-custom-font-size wp-element-button\" href=\"https:\/\/le-bocalauraco.fr\/wp-content\/uploads\/2025\/12\/metodia-novembre-2021-fiche-2asf-0-e1781763.pdf\" style=\"border-color:#c91251;border-top-left-radius:9px;border-top-right-radius:9px;border-bottom-left-radius:9px;border-bottom-right-radius:9px;padding-top:var(--wp--preset--spacing--20);padding-right:var(--wp--preset--spacing--20);padding-bottom:var(--wp--preset--spacing--20);padding-left:var(--wp--preset--spacing--20);font-size:9px\" target=\"_blank\" rel=\"noreferrer noopener\"><strong>Aide Agefiph \u2013 Infos<\/strong><\/a><\/div>\n\n\n\n<div class=\"wp-block-button has-custom-width wp-block-button__width-25 is-style-outline is-style-outline--8\"><a class=\"wp-block-button__link has-border-color has-custom-font-size wp-element-button\" href=\"https:\/\/www.agefiph.fr\/services\/ressource-handicap-formation\" style=\"border-color:#c91251;border-top-left-radius:9px;border-top-right-radius:9px;border-bottom-left-radius:9px;border-bottom-right-radius:9px;padding-top:var(--wp--preset--spacing--20);padding-right:0;padding-bottom:var(--wp--preset--spacing--20);padding-left:0;font-size:9px\" target=\"_blank\" rel=\"noreferrer noopener\"><strong>R\u00e9seau partenaire <\/strong><\/a><\/div>\n<\/div>\n<\/div>\n<\/div>\n","protected":false},"excerpt":{"rendered":"<p>Le bilan de comp\u00e9tences c&rsquo;est quoi ? Le bilan de comp\u00e9tences est un accompagnement individuel qui permet de faire le point sur votre parcours professionnel, d\u2019identifier vos comp\u00e9tences, vos motivations, vos valeurs, et de clarifier vos envies d\u2019\u00e9volution. Il s\u2019adresse \u00e0&nbsp;tous les actifs&nbsp;: salari\u00e9s du secteur priv\u00e9, agents de la fonction publique, demandeurs d\u2019emploi, ou [&hellip;]<\/p>\n","protected":false},"author":1,"featured_media":0,"parent":0,"menu_order":0,"comment_status":"closed","ping_status":"closed","template":"","meta":{"footnotes":""},"class_list":["post-122","page","type-page","status-publish","hentry"],"_links":{"self":[{"href":"https:\/\/le-bocalauraco.fr\/index.php?rest_route=\/wp\/v2\/pages\/122","targetHints":{"allow":["GET"]}}],"collection":[{"href":"https:\/\/le-bocalauraco.fr\/index.php?rest_route=\/wp\/v2\/pages"}],"about":[{"href":"https:\/\/le-bocalauraco.fr\/index.php?rest_route=\/wp\/v2\/types\/page"}],"author":[{"embeddable":true,"href":"https:\/\/le-bocalauraco.fr\/index.php?rest_route=\/wp\/v2\/users\/1"}],"replies":[{"embeddable":true,"href":"https:\/\/le-bocalauraco.fr\/index.php?rest_route=%2Fwp%2Fv2%2Fcomments&post=122"}],"version-history":[{"count":113,"href":"https:\/\/le-bocalauraco.fr\/index.php?rest_route=\/wp\/v2\/pages\/122\/revisions"}],"predecessor-version":[{"id":612,"href":"https:\/\/le-bocalauraco.fr\/index.php?rest_route=\/wp\/v2\/pages\/122\/revisions\/612"}],"wp:attachment":[{"href":"https:\/\/le-bocalauraco.fr\/index.php?rest_route=%2Fwp%2Fv2%2Fmedia&parent=122"}],"curies":[{"name":"wp","href":"https:\/\/api.w.org\/{rel}","templated":true}]}}