{"id":18,"date":"2025-11-27T23:26:56","date_gmt":"2025-11-27T22:26:56","guid":{"rendered":"https:\/\/le-bocalauraco.fr\/?page_id=18"},"modified":"2026-01-06T20:49:12","modified_gmt":"2026-01-06T19:49:12","slug":"a-propos","status":"publish","type":"page","link":"https:\/\/le-bocalauraco.fr\/?page_id=18","title":{"rendered":"A propos"},"content":{"rendered":"\n<section class=\"wp-block-group alignfull has-text-color has-global-padding is-layout-constrained wp-container-core-group-is-layout-4252d6ba wp-block-group-is-layout-constrained\" style=\"color:#03081e;margin-top:0px;padding-top:6.51rem;padding-right:1rem;padding-bottom:5.5rem;padding-left:1rem;font-size:clamp(0.875rem, 0.875rem + ((1vw - 0.2rem) * 0.4), 1.13rem);font-style:normal;font-weight:400;line-height:1.4\">\n<div class=\"wp-block-columns is-layout-flex wp-container-core-columns-is-layout-db2df21c wp-block-columns-is-layout-flex\" style=\"margin-bottom:0px\">\n<div class=\"wp-block-column has-global-padding is-content-justification-left is-layout-constrained wp-container-core-column-is-layout-12dd3699 wp-block-column-is-layout-constrained\" style=\"flex-basis:45%\">\n<figure class=\"wp-block-image aligncenter size-full has-custom-border\"><img loading=\"lazy\" decoding=\"async\" width=\"2048\" height=\"2560\" src=\"https:\/\/le-bocalauraco.fr\/wp-content\/uploads\/2025\/12\/moch-ariya-erlangga-q9f1HssEu5I-unsplash-scaled.jpg\" alt=\"\" class=\"wp-image-240\" style=\"border-radius:30px\" srcset=\"https:\/\/le-bocalauraco.fr\/wp-content\/uploads\/2025\/12\/moch-ariya-erlangga-q9f1HssEu5I-unsplash-scaled.jpg 2048w, https:\/\/le-bocalauraco.fr\/wp-content\/uploads\/2025\/12\/moch-ariya-erlangga-q9f1HssEu5I-unsplash-240x300.jpg 240w, https:\/\/le-bocalauraco.fr\/wp-content\/uploads\/2025\/12\/moch-ariya-erlangga-q9f1HssEu5I-unsplash-819x1024.jpg 819w, https:\/\/le-bocalauraco.fr\/wp-content\/uploads\/2025\/12\/moch-ariya-erlangga-q9f1HssEu5I-unsplash-768x960.jpg 768w, https:\/\/le-bocalauraco.fr\/wp-content\/uploads\/2025\/12\/moch-ariya-erlangga-q9f1HssEu5I-unsplash-1229x1536.jpg 1229w, https:\/\/le-bocalauraco.fr\/wp-content\/uploads\/2025\/12\/moch-ariya-erlangga-q9f1HssEu5I-unsplash-1638x2048.jpg 1638w\" sizes=\"auto, (max-width: 2048px) 100vw, 2048px\" \/><\/figure>\n<\/div>\n\n\n\n<div class=\"wp-block-column is-layout-flow wp-block-column-is-layout-flow\">\n<div class=\"wp-block-group is-vertical is-content-justification-left is-layout-flex wp-container-core-group-is-layout-c5d44cae wp-block-group-is-layout-flex\" style=\"min-height:100%\">\n<div class=\"wp-block-group has-global-padding is-content-justification-center is-layout-constrained wp-container-core-group-is-layout-b15c80d6 wp-block-group-is-layout-constrained\">\n<h3 class=\"wp-block-heading has-text-align-left has-text-color\" style=\"color:#c91251;margin-top:0.5rem;margin-bottom:1.01rem;font-size:clamp(24.034px, 1.502rem + ((1vw - 3.2px) * 1.565), 40px);font-style:normal;font-weight:400;letter-spacing:0px;line-height:1.3;text-transform:capitalize\"><strong>Notre histoire<\/strong><\/h3>\n\n\n\n<hr class=\"wp-block-separator has-text-color has-alpha-channel-opacity has-background is-style-dots\" style=\"margin-top:0;margin-bottom:0;background-color:#ffc547;color:#ffc547\"\/>\n\n\n\n<p class=\"has-text-align-left has-text-color\" style=\"color:#03081e;margin-top:0rem;font-size:clamp(14px, 0.875rem + ((1vw - 3.2px) * 0.392), 18px);font-style:normal;font-weight:400;line-height:1.6\"><strong>Nous sommes trois ind\u00e9pendants, Corinne, Raphaele et Laurent, r\u00e9unis par une id\u00e9e simple : cr\u00e9er un lieu et une \u00e9quipe d\u00e9di\u00e9s au d\u00e9veloppement des comp\u00e9tences, \u00e0 l\u2019apprentissage et \u00e0 la transmission.<\/strong><\/p>\n\n\n\n<p style=\"font-size:clamp(14px, 0.875rem + ((1vw - 3.2px) * 0.196), 16px);\">Tout a commenc\u00e9 en 2017, lorsque nous avons ouvert un espace de travail partag\u00e9 au c\u0153ur du quartier des Halles, \u00e0 La Roche-sur-Yon. La devanture \u00e9voquait un bocal\u2026 et l\u2019histoire du&nbsp;<em>Bocalauraco<\/em>&nbsp;est n\u00e9e :<br>BOCAL&nbsp;pour l\u2019esprit du lieu,&nbsp;LAU, RA et CO&nbsp;pour la premi\u00e8re syllabe de nos pr\u00e9noms.<\/p>\n\n\n\n<p style=\"font-size:clamp(14px, 0.875rem + ((1vw - 3.2px) * 0.196), 16px);\">De 2017 \u00e0 2020, nous y avons anim\u00e9 des formations, des rencontres et des s\u00e9minaires. Puis nos activit\u00e9s ont \u00e9volu\u00e9, chacun d\u00e9veloppant son expertise, mais en conservant un fil rouge :&nbsp;la volont\u00e9 de partager, transmettre et accompagner.<\/p>\n\n\n\n<p style=\"font-size:clamp(14px, 0.875rem + ((1vw - 3.2px) * 0.196), 16px);\">En 2021, nous obtenons la certification&nbsp;QUALIOPI, concr\u00e9tisant notre engagement commun pour des formations exigeantes, utiles et profond\u00e9ment humaines.<\/p>\n\n\n\n<p class=\"has-text-align-left has-contrast-color has-text-color\" style=\"margin-top:0rem;font-size:clamp(14px, 0.875rem + ((1vw - 3.2px) * 0.196), 16px);font-style:normal;font-weight:400;line-height:1.6\">Aujourd\u2019hui, nous poursuivons cette aventure \u00e0 trois, avec une ambition inchang\u00e9e :<br><strong>mettre nos comp\u00e9tences au service des organisations et des personnes, pour qu\u2019elles puissent apprendre, progresser et se transformer.<\/strong><\/p>\n<\/div>\n<\/div>\n<\/div>\n<\/div>\n<\/section>\n\n\n\n<div style=\"height:78px\" aria-hidden=\"true\" class=\"wp-block-spacer\"><\/div>\n\n\n\n<div class=\"wp-block-group alignfull has-global-padding is-layout-constrained wp-block-group-is-layout-constrained\">\n<h2 class=\"wp-block-heading has-text-align-center has-text-color has-link-color wp-elements-6907ff987c6b26883cc3d20a8b24780b\" style=\"color:#c91251;font-size:clamp(24.034px, 1.502rem + ((1vw - 3.2px) * 1.565), 40px);\"><strong>Nos Principes Directeurs<\/strong><\/h2>\n\n\n\n<p class=\"has-text-align-center\"><\/p>\n\n\n\n<hr class=\"wp-block-separator has-text-color has-alpha-channel-opacity has-background\" style=\"margin-top:0px;margin-bottom:50px;background-color:#ffd835;color:#ffd835\"\/>\n\n\n\n<div style=\"height:53px\" aria-hidden=\"true\" class=\"wp-block-spacer\"><\/div>\n\n\n\n<div class=\"wp-block-group alignfull has-global-padding is-layout-constrained wp-block-group-is-layout-constrained\" style=\"padding-bottom:50px\">\n<div class=\"wp-block-group alignwide is-layout-flow wp-block-group-is-layout-flow\" style=\"padding-bottom:50px\">\n<div class=\"wp-block-columns alignwide is-layout-flex wp-container-core-columns-is-layout-6127943d wp-block-columns-is-layout-flex\">\n<div class=\"wp-block-column has-border-color has-background is-layout-flow wp-container-core-column-is-layout-2b485356 wp-block-column-is-layout-flow\" style=\"border-color:#c91251;border-width:3px;background-color:#c91251;padding-top:var(--wp--preset--spacing--50);padding-right:var(--wp--preset--spacing--20);padding-bottom:var(--wp--preset--spacing--50);padding-left:var(--wp--preset--spacing--20)\">\n<figure class=\"wp-block-image aligncenter size-full is-resized wp-duotone-unset-1\"><img loading=\"lazy\" decoding=\"async\" width=\"500\" height=\"500\" src=\"https:\/\/le-bocalauraco.fr\/wp-content\/uploads\/2025\/12\/Design-sans-titre-5-1.png\" alt=\"\" class=\"wp-image-231\" style=\"width:144px;height:auto\" srcset=\"https:\/\/le-bocalauraco.fr\/wp-content\/uploads\/2025\/12\/Design-sans-titre-5-1.png 500w, https:\/\/le-bocalauraco.fr\/wp-content\/uploads\/2025\/12\/Design-sans-titre-5-1-300x300.png 300w, https:\/\/le-bocalauraco.fr\/wp-content\/uploads\/2025\/12\/Design-sans-titre-5-1-150x150.png 150w\" sizes=\"auto, (max-width: 500px) 100vw, 500px\" \/><\/figure>\n\n\n\n<h2 class=\"wp-block-heading has-text-align-center has-base-color has-text-color\" style=\"padding-top:20px;font-size:clamp(16.293px, 1.018rem + ((1vw - 3.2px) * 0.854), 25px);letter-spacing:1px;line-height:1\"><strong>L\u2019humain <mark style=\"background-color:rgba(0, 0, 0, 0);color:#ffc547\" class=\"has-inline-color\">au c\u0153ur<\/mark><\/strong><\/h2>\n\n\n\n<p class=\"has-text-align-center has-base-color has-text-color has-poppins-font-family\" style=\"padding-top:10px;font-size:clamp(14px, 0.875rem + ((1vw - 3.2px) * 0.098), 15px);\">Nous pla\u00e7ons la <strong>relation, l\u2019\u00e9coute et la confiance<\/strong> au centre de chaque accompagnement. Apprendre, progresser et se transformer commencent toujours par une approche profond\u00e9ment <strong>humaine<\/strong>.<\/p>\n<\/div>\n\n\n\n<div class=\"wp-block-column has-border-color has-background is-layout-flow wp-container-core-column-is-layout-2b485356 wp-block-column-is-layout-flow\" style=\"border-color:#c91251;border-width:3px;background-color:#c91251;padding-top:var(--wp--preset--spacing--50);padding-right:var(--wp--preset--spacing--20);padding-bottom:var(--wp--preset--spacing--50);padding-left:var(--wp--preset--spacing--20)\">\n<figure class=\"wp-block-image aligncenter size-full is-resized\"><img loading=\"lazy\" decoding=\"async\" width=\"500\" height=\"500\" src=\"https:\/\/le-bocalauraco.fr\/wp-content\/uploads\/2025\/12\/Design-sans-titre-6-1.png\" alt=\"\" class=\"wp-image-232\" style=\"width:128px\" srcset=\"https:\/\/le-bocalauraco.fr\/wp-content\/uploads\/2025\/12\/Design-sans-titre-6-1.png 500w, https:\/\/le-bocalauraco.fr\/wp-content\/uploads\/2025\/12\/Design-sans-titre-6-1-300x300.png 300w, https:\/\/le-bocalauraco.fr\/wp-content\/uploads\/2025\/12\/Design-sans-titre-6-1-150x150.png 150w\" sizes=\"auto, (max-width: 500px) 100vw, 500px\" \/><\/figure>\n\n\n\n<h2 class=\"wp-block-heading has-text-align-center has-base-color has-text-color\" style=\"padding-top:20px;font-size:clamp(16.293px, 1.018rem + ((1vw - 3.2px) * 0.854), 25px);letter-spacing:1px;line-height:1\"><strong>Un impact <mark style=\"background-color:rgba(0, 0, 0, 0);color:#ffc547\" class=\"has-inline-color\">sur mesure<\/mark><\/strong><\/h2>\n\n\n\n<p class=\"has-text-align-center has-base-color has-text-color has-poppins-font-family\" style=\"padding-top:10px;font-size:clamp(14px, 0.875rem + ((1vw - 3.2px) * 0.098), 15px);\">Aucune organisation ne ressemble \u00e0 aucune autre. C\u2019est pourquoi nous concevons des <strong>formations personnalis\u00e9es, adapt\u00e9es \u00e0 vos enjeux<\/strong>, avec des outils concrets et imm\u00e9diatement applicables.<\/p>\n<\/div>\n\n\n\n<div class=\"wp-block-column has-border-color has-background is-layout-flow wp-container-core-column-is-layout-2b485356 wp-block-column-is-layout-flow\" style=\"border-color:#c91251;border-width:3px;background-color:#c91251;padding-top:var(--wp--preset--spacing--50);padding-right:var(--wp--preset--spacing--20);padding-bottom:var(--wp--preset--spacing--50);padding-left:var(--wp--preset--spacing--20)\">\n<figure class=\"wp-block-image aligncenter size-full is-resized\"><img loading=\"lazy\" decoding=\"async\" width=\"500\" height=\"500\" src=\"https:\/\/le-bocalauraco.fr\/wp-content\/uploads\/2025\/12\/Design-sans-titre-9.png\" alt=\"\" class=\"wp-image-233\" style=\"width:128px\" srcset=\"https:\/\/le-bocalauraco.fr\/wp-content\/uploads\/2025\/12\/Design-sans-titre-9.png 500w, https:\/\/le-bocalauraco.fr\/wp-content\/uploads\/2025\/12\/Design-sans-titre-9-300x300.png 300w, https:\/\/le-bocalauraco.fr\/wp-content\/uploads\/2025\/12\/Design-sans-titre-9-150x150.png 150w\" sizes=\"auto, (max-width: 500px) 100vw, 500px\" \/><\/figure>\n\n\n\n<h2 class=\"wp-block-heading has-text-align-center has-base-color has-text-color\" style=\"padding-top:20px;font-size:clamp(16.293px, 1.018rem + ((1vw - 3.2px) * 0.854), 25px);letter-spacing:1px;line-height:1\"><strong><mark style=\"background-color:rgba(0, 0, 0, 0);color:#ffc547\" class=\"has-inline-color\">Excellence<\/mark> et <mark style=\"background-color:rgba(0, 0, 0, 0);color:#ffc547\" class=\"has-inline-color\">simplicit\u00e9<\/mark><\/strong><\/h2>\n\n\n\n<p class=\"has-text-align-center has-base-color has-text-color has-poppins-font-family\" style=\"padding-top:10px;font-size:clamp(14px, 0.875rem + ((1vw - 3.2px) * 0.098), 15px);\">Nous combinons <strong>exigence p\u00e9dagogique et clart\u00e9<\/strong>. Des m\u00e9thodes solides, des contenus accessibles et des approches efficaces pour garantir des <strong>r\u00e9sultats visibles et durables.<\/strong><\/p>\n<\/div>\n<\/div>\n<\/div>\n\n\n\n<div style=\"height:51px\" aria-hidden=\"true\" class=\"wp-block-spacer\"><\/div>\n<\/div>\n<\/div>\n\n\n\n<div class=\"wp-block-group alignfull has-background has-global-padding is-layout-constrained wp-block-group-is-layout-constrained\" style=\"background-color:#f5f8f5\">\n<div style=\"height:25px\" aria-hidden=\"true\" class=\"wp-block-spacer\"><\/div>\n\n\n\n<h2 class=\"wp-block-heading has-text-align-center has-text-color has-link-color wp-elements-d345de42928527545975ce60d2e8d411\" style=\"color:#c91251;font-size:clamp(24.034px, 1.502rem + ((1vw - 3.2px) * 1.565), 40px);\"><strong>Notre \u00e9quipe<\/strong><\/h2>\n\n\n\n<p><\/p>\n\n\n\n<hr class=\"wp-block-separator has-text-color has-alpha-channel-opacity has-background\" style=\"margin-top:0px;margin-bottom:50px;background-color:#ffd835;color:#ffd835\"\/>\n\n\n\n<div class=\"wp-block-group alignfull has-background has-global-padding is-layout-constrained wp-container-core-group-is-layout-6d8556d3 wp-block-group-is-layout-constrained\" style=\"background-color:#f5f8f5;margin-top:0px;margin-bottom:0px;padding-top:100px;padding-right:20px;padding-bottom:100px;padding-left:20px\">\n<div class=\"wp-block-columns alignwide is-layout-flex wp-container-core-columns-is-layout-d087c97b wp-block-columns-is-layout-flex\" style=\"border-style:none;border-width:0px;margin-top:0px;margin-bottom:0px;padding-top:0px;padding-right:var(--wp--preset--spacing--20);padding-bottom:0px;padding-left:var(--wp--preset--spacing--20)\">\n<div class=\"wp-block-column is-vertically-aligned-center is-layout-flow wp-block-column-is-layout-flow\" style=\"flex-basis:40%\">\n<figure class=\"wp-block-image aligncenter size-full has-custom-border\"><img loading=\"lazy\" decoding=\"async\" width=\"500\" height=\"500\" src=\"https:\/\/le-bocalauraco.fr\/wp-content\/uploads\/2025\/12\/Design-sans-titre-4.png\" alt=\"\" class=\"has-border-color wp-image-183\" style=\"border-color:#c91251;border-width:7px\" srcset=\"https:\/\/le-bocalauraco.fr\/wp-content\/uploads\/2025\/12\/Design-sans-titre-4.png 500w, https:\/\/le-bocalauraco.fr\/wp-content\/uploads\/2025\/12\/Design-sans-titre-4-300x300.png 300w, https:\/\/le-bocalauraco.fr\/wp-content\/uploads\/2025\/12\/Design-sans-titre-4-150x150.png 150w\" sizes=\"auto, (max-width: 500px) 100vw, 500px\" \/><\/figure>\n\n\n\n<ul class=\"wp-block-social-links is-content-justification-center is-layout-flex wp-container-core-social-links-is-layout-a89b3969 wp-block-social-links-is-layout-flex\"><li class=\"wp-social-link wp-social-link-linkedin  wp-block-social-link\"><a href=\"https:\/\/linkedin.com\/in\/raphaele-oliveau-formarheo\" class=\"wp-block-social-link-anchor\"><svg width=\"24\" height=\"24\" viewBox=\"0 0 24 24\" version=\"1.1\" xmlns=\"http:\/\/www.w3.org\/2000\/svg\" aria-hidden=\"true\" focusable=\"false\"><path d=\"M19.7,3H4.3C3.582,3,3,3.582,3,4.3v15.4C3,20.418,3.582,21,4.3,21h15.4c0.718,0,1.3-0.582,1.3-1.3V4.3 C21,3.582,20.418,3,19.7,3z M8.339,18.338H5.667v-8.59h2.672V18.338z M7.004,8.574c-0.857,0-1.549-0.694-1.549-1.548 c0-0.855,0.691-1.548,1.549-1.548c0.854,0,1.547,0.694,1.547,1.548C8.551,7.881,7.858,8.574,7.004,8.574z M18.339,18.338h-2.669 v-4.177c0-0.996-0.017-2.278-1.387-2.278c-1.389,0-1.601,1.086-1.601,2.206v4.249h-2.667v-8.59h2.559v1.174h0.037 c0.356-0.675,1.227-1.387,2.526-1.387c2.703,0,3.203,1.779,3.203,4.092V18.338z\"><\/path><\/svg><span class=\"wp-block-social-link-label screen-reader-text\">LinkedIn<\/span><\/a><\/li>\n\n<li class=\"wp-social-link wp-social-link-mail  wp-block-social-link\"><a href=\"mailto:&#108;e&#098;&#111;c&#097;l&#097;u&#114;&#097;&#099;&#111;&#064;&#103;&#109;ai&#108;.&#099;o&#109;\" class=\"wp-block-social-link-anchor\"><svg width=\"24\" height=\"24\" viewBox=\"0 0 24 24\" version=\"1.1\" xmlns=\"http:\/\/www.w3.org\/2000\/svg\" aria-hidden=\"true\" focusable=\"false\"><path d=\"M19,5H5c-1.1,0-2,.9-2,2v10c0,1.1.9,2,2,2h14c1.1,0,2-.9,2-2V7c0-1.1-.9-2-2-2zm.5,12c0,.3-.2.5-.5.5H5c-.3,0-.5-.2-.5-.5V9.8l7.5,5.6,7.5-5.6V17zm0-9.1L12,13.6,4.5,7.9V7c0-.3.2-.5.5-.5h14c.3,0,.5.2.5.5v.9z\"><\/path><\/svg><span class=\"wp-block-social-link-label screen-reader-text\">E-mail<\/span><\/a><\/li><\/ul>\n<\/div>\n\n\n\n<div class=\"wp-block-column is-vertically-aligned-center is-layout-flow wp-container-core-column-is-layout-abe5317a wp-block-column-is-layout-flow\" style=\"padding-top:0px;padding-right:0px;padding-bottom:40px;padding-left:0px\">\n<h6 class=\"wp-block-heading has-accent-4-color has-text-color\" style=\"margin-bottom:12px;font-size:12px\">Cultiver le capital humain et structurer le d\u00e9veloppement des comp\u00e9tences<\/h6>\n\n\n\n<h2 class=\"wp-block-heading has-text-color has-inter-font-family\" style=\"color:#c91251;margin-top:0;margin-bottom:36px;font-size:clamp(27.42px, 1.714rem + ((1vw - 3.2px) * 1.92), 47px);font-style:normal;font-weight:700\">Rapha\u00eble Oliveau<\/h2>\n\n\n\n<p class=\"has-text-align-left has-contrast-color has-text-color\" style=\"margin-bottom:2.75rem;font-size:clamp(14px, 0.875rem + ((1vw - 3.2px) * 0.196), 16px);\">Rapha\u00eble est consultante en ing\u00e9nierie p\u00e9dagogique et qualit\u00e9. Elle aide les organisations \u00e0 cr\u00e9er des formations utiles, efficaces et structur\u00e9es, en alliant rigueur, cr\u00e9ativit\u00e9 et accompagnement personnalis\u00e9.<\/p>\n\n\n\n<ul class=\"wp-block-list\">\n<li style=\"font-size:clamp(14px, 0.875rem + ((1vw - 3.2px) * 0.196), 16px);\">Expertise en&nbsp;<strong>Qualiopi<\/strong>&nbsp;: optimisation des pratiques, structuration des processus, pr\u00e9paration aux audits<\/li>\n\n\n\n<li style=\"font-size:clamp(14px, 0.875rem + ((1vw - 3.2px) * 0.196), 16px);\">Conception et&nbsp;<strong>ing\u00e9nierie p\u00e9dagogique<\/strong>&nbsp;: parcours sur mesure, outils op\u00e9rationnels, solutions adapt\u00e9es aux besoins<\/li>\n\n\n\n<li style=\"font-size:clamp(14px, 0.875rem + ((1vw - 3.2px) * 0.196), 16px);\"><strong>D\u00e9veloppement des comp\u00e9tences<\/strong>&nbsp;: cartographies, r\u00e9f\u00e9rentiels et dispositifs orient\u00e9s impact<\/li>\n\n\n\n<li style=\"font-size:clamp(14px, 0.875rem + ((1vw - 3.2px) * 0.196), 16px);\">Accompagnement&nbsp;<strong>VAE &amp; bilans professionnels<\/strong>&nbsp;: valorisation des parcours, identification des comp\u00e9tences, s\u00e9curisation des transitions<\/li>\n\n\n\n<li style=\"font-size:clamp(14px, 0.875rem + ((1vw - 3.2px) * 0.196), 16px);\"><strong>Pilotage de projets formation<\/strong>&nbsp;: coordination, analyse des besoins, suivi qualit\u00e9 et am\u00e9lioration continue<\/li>\n<\/ul>\n\n\n\n<div style=\"height:48px\" aria-hidden=\"true\" class=\"wp-block-spacer\"><\/div>\n\n\n\n<div class=\"wp-block-columns has-background is-layout-flex wp-container-core-columns-is-layout-28f84493 wp-block-columns-is-layout-flex\" style=\"border-radius:18px;background-color:#cf1152\">\n<div class=\"wp-block-column is-layout-flow wp-block-column-is-layout-flow\">\n<h2 class=\"wp-block-heading has-base-color has-text-color has-link-color wp-elements-3ee8be7219ffb2f49f8ba7a78b3d3e19\" style=\"font-size:clamp(14px, 0.875rem + ((1vw - 3.2px) * 0.588), 20px);\"><strong>Ses valeurs<\/strong><\/h2>\n\n\n\n<p class=\"has-base-color has-text-color has-link-color wp-elements-359e0803bb3f36116f4584ca0275d50b\" style=\"font-size:clamp(14px, 0.875rem + ((1vw - 3.2px) * 0.196), 16px);\">Rigueur, flexibilit\u00e9, confidentialit\u00e9,<\/p>\n<\/div>\n\n\n\n<div class=\"wp-block-column is-layout-flow wp-block-column-is-layout-flow\">\n<h2 class=\"wp-block-heading has-base-color has-text-color has-link-color wp-elements-2f77ace7369ab3732a97f0241ac710ea\" style=\"font-size:clamp(14px, 0.875rem + ((1vw - 3.2px) * 0.588), 20px);\"><strong>Sa signature<\/strong><\/h2>\n\n\n\n<p class=\"has-base-color has-text-color has-link-color wp-elements-d070f645a589d07a6d60c38fb9d8a7c7\" style=\"font-size:clamp(14px, 0.875rem + ((1vw - 3.2px) * 0.196), 16px);\">Analyse, organisation, impact.<\/p>\n<\/div>\n<\/div>\n<\/div>\n<\/div>\n<\/div>\n\n\n\n<hr class=\"wp-block-separator has-text-color has-accent-1-color has-alpha-channel-opacity has-accent-1-background-color has-background\"\/>\n<\/div>\n\n\n\n<div class=\"wp-block-group alignfull has-background has-global-padding is-layout-constrained wp-container-core-group-is-layout-6d8556d3 wp-block-group-is-layout-constrained\" style=\"background-color:#f5f8f5;margin-top:0px;margin-bottom:0px;padding-top:100px;padding-right:20px;padding-bottom:100px;padding-left:20px\">\n<div class=\"wp-block-columns alignwide is-layout-flex wp-container-core-columns-is-layout-d087c97b wp-block-columns-is-layout-flex\" style=\"border-style:none;border-width:0px;margin-top:0px;margin-bottom:0px;padding-top:0px;padding-right:var(--wp--preset--spacing--20);padding-bottom:0px;padding-left:var(--wp--preset--spacing--20)\">\n<div class=\"wp-block-column is-vertically-aligned-center is-layout-flow wp-container-core-column-is-layout-abe5317a wp-block-column-is-layout-flow\" style=\"padding-top:0px;padding-right:0px;padding-bottom:40px;padding-left:0px\">\n<h6 class=\"wp-block-heading has-accent-4-color has-text-color\" style=\"margin-bottom:12px;font-size:12px\">Accompagner les managers et renforcer les dynamiques humaines<\/h6>\n\n\n\n<h2 class=\"wp-block-heading has-text-color has-inter-font-family\" style=\"color:#c91251;margin-top:0;margin-bottom:36px;font-size:clamp(27.42px, 1.714rem + ((1vw - 3.2px) * 1.92), 47px);font-style:normal;font-weight:700\">Corinne Courtiol<\/h2>\n\n\n\n<p class=\"has-text-align-left has-contrast-color has-text-color\" style=\"margin-bottom:2.75rem;font-size:clamp(14px, 0.875rem + ((1vw - 3.2px) * 0.196), 16px);\">Corinne accompagne les managers, les \u00e9quipes et les organisations dans leurs pratiques RH et manag\u00e9riales. Elle combine \u00e9coute, exigence et pragmatisme pour cr\u00e9er des dynamiques de travail solides, humaines et efficaces, en s\u2019appuyant sur 20 ans d\u2019exp\u00e9rience op\u00e9rationnelle et une solide expertise du coaching.<\/p>\n\n\n\n<ul class=\"wp-block-list\">\n<li style=\"font-size:clamp(14px, 0.875rem + ((1vw - 3.2px) * 0.196), 16px);\"><strong>Pilotage strat\u00e9gique RH<\/strong>&nbsp;et accompagnement manag\u00e9rial<\/li>\n\n\n\n<li style=\"font-size:clamp(14px, 0.875rem + ((1vw - 3.2px) * 0.196), 16px);\">Coaching&nbsp;<strong>individuel et collectif<\/strong>&nbsp;(certifi\u00e9e&nbsp;<strong>\u00c9cole M\u00e9diat Coaching \u2013 Paris<\/strong>)<\/li>\n\n\n\n<li style=\"font-size:clamp(14px, 0.875rem + ((1vw - 3.2px) * 0.196), 16px);\">Animation de&nbsp;<strong>groupes de r\u00e9flexion<\/strong>&nbsp;et d&rsquo;entra\u00eenement au management (<strong>GERME<\/strong>)<\/li>\n\n\n\n<li style=\"font-size:clamp(14px, 0.875rem + ((1vw - 3.2px) * 0.196), 16px);\">Exp\u00e9rience RH en&nbsp;<strong>PME et groupes multisites<\/strong>&nbsp;(de&nbsp;<strong>30 \u00e0 2000 salari\u00e9s<\/strong>)<\/li>\n\n\n\n<li style=\"font-size:clamp(14px, 0.875rem + ((1vw - 3.2px) * 0.196), 16px);\"><strong>Direction de structure<\/strong>&nbsp;(9 ans \u2013 Maison D\u00e9partementale de l\u2019Emploi et du D\u00e9veloppement \u00c9conomique de Vend\u00e9e)<\/li>\n\n\n\n<li style=\"font-size:clamp(14px, 0.875rem + ((1vw - 3.2px) * 0.196), 16px);\"><strong>Syst\u00e9mie<\/strong>, pratiques narratives,&nbsp;<strong>psychologie positive<\/strong>, management agile<\/li>\n\n\n\n<li style=\"font-size:clamp(14px, 0.875rem + ((1vw - 3.2px) * 0.196), 16px);\"><strong>Co-d\u00e9veloppement<\/strong>, outils collaboratifs,&nbsp;<strong>constellations organisationnelles<\/strong><\/li>\n<\/ul>\n\n\n\n<div style=\"height:48px\" aria-hidden=\"true\" class=\"wp-block-spacer\"><\/div>\n\n\n\n<div class=\"wp-block-columns has-background is-layout-flex wp-container-core-columns-is-layout-28f84493 wp-block-columns-is-layout-flex\" style=\"border-radius:18px;background-color:#cf1152\">\n<div class=\"wp-block-column is-layout-flow wp-block-column-is-layout-flow\">\n<h2 class=\"wp-block-heading has-base-color has-text-color has-link-color wp-elements-3ee8be7219ffb2f49f8ba7a78b3d3e19\" style=\"font-size:clamp(14px, 0.875rem + ((1vw - 3.2px) * 0.588), 20px);\"><strong>Ses valeurs<\/strong><\/h2>\n\n\n\n<p class=\"has-base-color has-text-color has-link-color wp-elements-e955c30ab6e6c9577b6775ba750012cf\" style=\"font-size:clamp(14px, 0.875rem + ((1vw - 3.2px) * 0.196), 16px);\">Humanit\u00e9, \u00e9coute, confiance, engagement.<\/p>\n<\/div>\n\n\n\n<div class=\"wp-block-column is-layout-flow wp-block-column-is-layout-flow\">\n<h2 class=\"wp-block-heading has-base-color has-text-color has-link-color wp-elements-472f46c5b72a10cf38e7b01644f6731c\" style=\"border-radius:39px;font-size:clamp(14px, 0.875rem + ((1vw - 3.2px) * 0.588), 20px);\"><strong>Sa signature<\/strong><\/h2>\n\n\n\n<p class=\"has-base-color has-text-color has-link-color wp-elements-4886618300083db17dc90d3af19bc01a\" style=\"font-size:clamp(14px, 0.875rem + ((1vw - 3.2px) * 0.196), 16px);\">Relation, posture, transformation.<\/p>\n<\/div>\n<\/div>\n<\/div>\n\n\n\n<div class=\"wp-block-column is-vertically-aligned-center is-layout-flow wp-block-column-is-layout-flow\" style=\"flex-basis:40%\">\n<figure class=\"wp-block-image aligncenter size-full is-resized has-custom-border\"><img loading=\"lazy\" decoding=\"async\" width=\"1024\" height=\"1536\" src=\"https:\/\/le-bocalauraco.fr\/wp-content\/uploads\/2025\/12\/ChatGPT-Image-1-dec.-2025-a-16_38_43.png\" alt=\"\" class=\"has-border-color wp-image-273\" style=\"border-color:#c91251;border-width:7px;width:382px;height:auto\" srcset=\"https:\/\/le-bocalauraco.fr\/wp-content\/uploads\/2025\/12\/ChatGPT-Image-1-dec.-2025-a-16_38_43.png 1024w, https:\/\/le-bocalauraco.fr\/wp-content\/uploads\/2025\/12\/ChatGPT-Image-1-dec.-2025-a-16_38_43-200x300.png 200w, https:\/\/le-bocalauraco.fr\/wp-content\/uploads\/2025\/12\/ChatGPT-Image-1-dec.-2025-a-16_38_43-683x1024.png 683w, https:\/\/le-bocalauraco.fr\/wp-content\/uploads\/2025\/12\/ChatGPT-Image-1-dec.-2025-a-16_38_43-768x1152.png 768w\" sizes=\"auto, (max-width: 1024px) 100vw, 1024px\" \/><\/figure>\n\n\n\n<ul class=\"wp-block-social-links is-content-justification-center is-layout-flex wp-container-core-social-links-is-layout-a89b3969 wp-block-social-links-is-layout-flex\"><li class=\"wp-social-link wp-social-link-linkedin  wp-block-social-link\"><a href=\"https:\/\/linkedin.com\/in\/corinnecourtiol\" class=\"wp-block-social-link-anchor\"><svg width=\"24\" height=\"24\" viewBox=\"0 0 24 24\" version=\"1.1\" xmlns=\"http:\/\/www.w3.org\/2000\/svg\" aria-hidden=\"true\" focusable=\"false\"><path d=\"M19.7,3H4.3C3.582,3,3,3.582,3,4.3v15.4C3,20.418,3.582,21,4.3,21h15.4c0.718,0,1.3-0.582,1.3-1.3V4.3 C21,3.582,20.418,3,19.7,3z M8.339,18.338H5.667v-8.59h2.672V18.338z M7.004,8.574c-0.857,0-1.549-0.694-1.549-1.548 c0-0.855,0.691-1.548,1.549-1.548c0.854,0,1.547,0.694,1.547,1.548C8.551,7.881,7.858,8.574,7.004,8.574z M18.339,18.338h-2.669 v-4.177c0-0.996-0.017-2.278-1.387-2.278c-1.389,0-1.601,1.086-1.601,2.206v4.249h-2.667v-8.59h2.559v1.174h0.037 c0.356-0.675,1.227-1.387,2.526-1.387c2.703,0,3.203,1.779,3.203,4.092V18.338z\"><\/path><\/svg><span class=\"wp-block-social-link-label screen-reader-text\">LinkedIn<\/span><\/a><\/li>\n\n<li class=\"wp-social-link wp-social-link-mail  wp-block-social-link\"><a href=\"mailto:l&#101;&#098;&#111;calaurac&#111;&#064;&#103;&#109;&#097;i&#108;&#046;co&#109;\" class=\"wp-block-social-link-anchor\"><svg width=\"24\" height=\"24\" viewBox=\"0 0 24 24\" version=\"1.1\" xmlns=\"http:\/\/www.w3.org\/2000\/svg\" aria-hidden=\"true\" focusable=\"false\"><path d=\"M19,5H5c-1.1,0-2,.9-2,2v10c0,1.1.9,2,2,2h14c1.1,0,2-.9,2-2V7c0-1.1-.9-2-2-2zm.5,12c0,.3-.2.5-.5.5H5c-.3,0-.5-.2-.5-.5V9.8l7.5,5.6,7.5-5.6V17zm0-9.1L12,13.6,4.5,7.9V7c0-.3.2-.5.5-.5h14c.3,0,.5.2.5.5v.9z\"><\/path><\/svg><span class=\"wp-block-social-link-label screen-reader-text\">E-mail<\/span><\/a><\/li><\/ul>\n<\/div>\n<\/div>\n\n\n\n<hr class=\"wp-block-separator has-text-color has-accent-1-color has-alpha-channel-opacity has-accent-1-background-color has-background is-style-wide is-style-wide--2\"\/>\n<\/div>\n\n\n\n<div class=\"wp-block-group alignfull has-background has-global-padding is-layout-constrained wp-container-core-group-is-layout-6d8556d3 wp-block-group-is-layout-constrained\" style=\"background-color:#f5f8f5;margin-top:0px;margin-bottom:0px;padding-top:100px;padding-right:20px;padding-bottom:100px;padding-left:20px\">\n<div class=\"wp-block-columns alignwide is-layout-flex wp-container-core-columns-is-layout-d087c97b wp-block-columns-is-layout-flex\" style=\"border-style:none;border-width:0px;margin-top:0px;margin-bottom:0px;padding-top:0px;padding-right:var(--wp--preset--spacing--20);padding-bottom:0px;padding-left:var(--wp--preset--spacing--20)\">\n<div class=\"wp-block-column is-vertically-aligned-center is-layout-flow wp-block-column-is-layout-flow\" style=\"flex-basis:40%\">\n<figure class=\"wp-block-image aligncenter size-full is-resized has-custom-border\"><img loading=\"lazy\" decoding=\"async\" width=\"1024\" height=\"1024\" src=\"https:\/\/le-bocalauraco.fr\/wp-content\/uploads\/2025\/12\/ChatGPT-Image-1-dec.-2025-a-16_41_26.png\" alt=\"\" class=\"has-border-color wp-image-275\" style=\"border-color:#c91251;border-width:7px;width:472px;height:auto\" srcset=\"https:\/\/le-bocalauraco.fr\/wp-content\/uploads\/2025\/12\/ChatGPT-Image-1-dec.-2025-a-16_41_26.png 1024w, https:\/\/le-bocalauraco.fr\/wp-content\/uploads\/2025\/12\/ChatGPT-Image-1-dec.-2025-a-16_41_26-300x300.png 300w, https:\/\/le-bocalauraco.fr\/wp-content\/uploads\/2025\/12\/ChatGPT-Image-1-dec.-2025-a-16_41_26-150x150.png 150w, https:\/\/le-bocalauraco.fr\/wp-content\/uploads\/2025\/12\/ChatGPT-Image-1-dec.-2025-a-16_41_26-768x768.png 768w\" sizes=\"auto, (max-width: 1024px) 100vw, 1024px\" \/><\/figure>\n\n\n\n<ul class=\"wp-block-social-links is-content-justification-center is-layout-flex wp-container-core-social-links-is-layout-a89b3969 wp-block-social-links-is-layout-flex\"><li class=\"wp-social-link wp-social-link-linkedin  wp-block-social-link\"><a href=\"https:\/\/linkedin.com\/in\/laurent-pavageau-a443878b\" class=\"wp-block-social-link-anchor\"><svg width=\"24\" height=\"24\" viewBox=\"0 0 24 24\" version=\"1.1\" xmlns=\"http:\/\/www.w3.org\/2000\/svg\" aria-hidden=\"true\" focusable=\"false\"><path d=\"M19.7,3H4.3C3.582,3,3,3.582,3,4.3v15.4C3,20.418,3.582,21,4.3,21h15.4c0.718,0,1.3-0.582,1.3-1.3V4.3 C21,3.582,20.418,3,19.7,3z M8.339,18.338H5.667v-8.59h2.672V18.338z M7.004,8.574c-0.857,0-1.549-0.694-1.549-1.548 c0-0.855,0.691-1.548,1.549-1.548c0.854,0,1.547,0.694,1.547,1.548C8.551,7.881,7.858,8.574,7.004,8.574z M18.339,18.338h-2.669 v-4.177c0-0.996-0.017-2.278-1.387-2.278c-1.389,0-1.601,1.086-1.601,2.206v4.249h-2.667v-8.59h2.559v1.174h0.037 c0.356-0.675,1.227-1.387,2.526-1.387c2.703,0,3.203,1.779,3.203,4.092V18.338z\"><\/path><\/svg><span class=\"wp-block-social-link-label screen-reader-text\">LinkedIn<\/span><\/a><\/li>\n\n<li class=\"wp-social-link wp-social-link-mail  wp-block-social-link\"><a href=\"mailto:l&#101;b&#111;&#099;&#097;&#108;a&#117;&#114;aco&#064;g&#109;&#097;&#105;l&#046;&#099;o&#109;\" class=\"wp-block-social-link-anchor\"><svg width=\"24\" height=\"24\" viewBox=\"0 0 24 24\" version=\"1.1\" xmlns=\"http:\/\/www.w3.org\/2000\/svg\" aria-hidden=\"true\" focusable=\"false\"><path d=\"M19,5H5c-1.1,0-2,.9-2,2v10c0,1.1.9,2,2,2h14c1.1,0,2-.9,2-2V7c0-1.1-.9-2-2-2zm.5,12c0,.3-.2.5-.5.5H5c-.3,0-.5-.2-.5-.5V9.8l7.5,5.6,7.5-5.6V17zm0-9.1L12,13.6,4.5,7.9V7c0-.3.2-.5.5-.5h14c.3,0,.5.2.5.5v.9z\"><\/path><\/svg><span class=\"wp-block-social-link-label screen-reader-text\">E-mail<\/span><\/a><\/li><\/ul>\n<\/div>\n\n\n\n<div class=\"wp-block-column is-vertically-aligned-center is-layout-flow wp-container-core-column-is-layout-abe5317a wp-block-column-is-layout-flow\" style=\"padding-top:0px;padding-right:0px;padding-bottom:40px;padding-left:0px\">\n<h6 class=\"wp-block-heading has-accent-4-color has-text-color\" style=\"margin-bottom:12px;font-size:12px\">Faciliter l\u2019apprentissage et renforcer l\u2019aisance \u00e0 l\u2019oral<\/h6>\n\n\n\n<h2 class=\"wp-block-heading has-text-color has-inter-font-family\" style=\"color:#c91251;margin-top:0;margin-bottom:36px;font-size:clamp(27.42px, 1.714rem + ((1vw - 3.2px) * 1.92), 47px);font-style:normal;font-weight:700\">Laurent Pavageau<\/h2>\n\n\n\n<p class=\"has-text-align-left has-contrast-color has-text-color\" style=\"margin-bottom:2.75rem;font-size:clamp(14px, 0.875rem + ((1vw - 3.2px) * 0.196), 16px);\">Laurent est formateur en communication \u00e9crite et orale. Passionn\u00e9 par les m\u00e9canismes d\u2019apprentissage, il transmet des m\u00e9thodes simples et puissantes pour mieux m\u00e9moriser, structurer sa pens\u00e9e et gagner en aisance \u00e0 l\u2019oral. Ancien enseignant, form\u00e9 au mind mapping, il accompagne tous les publics avec p\u00e9dagogie, humour et accessibilit\u00e9.<\/p>\n\n\n\n<ul class=\"wp-block-list\">\n<li style=\"font-size:clamp(14px, 0.875rem + ((1vw - 3.2px) * 0.196), 16px);\"><strong>Communication \u00e9crite et orale<\/strong>&nbsp;: prise de parole, structure du message, techniques d\u2019expression<\/li>\n\n\n\n<li style=\"font-size:clamp(14px, 0.875rem + ((1vw - 3.2px) * 0.196), 16px);\"><strong>Mind mapping &amp; m\u00e9morisation<\/strong>&nbsp;: formation par Emmanuel Dia\u00efs, application p\u00e9dagogique et professionnelle<\/li>\n\n\n\n<li style=\"font-size:clamp(14px, 0.875rem + ((1vw - 3.2px) * 0.196), 16px);\"><strong>P\u00e9dagogies actives<\/strong>&nbsp;: ateliers, exercices pratiques, appropriation imm\u00e9diate<\/li>\n\n\n\n<li style=\"font-size:clamp(14px, 0.875rem + ((1vw - 3.2px) * 0.196), 16px);\"><strong>Formation d\u2019adultes &amp; accompagnement<\/strong>&nbsp;: m\u00e9thodes adapt\u00e9es aux apprenants en difficult\u00e9<\/li>\n\n\n\n<li style=\"font-size:clamp(14px, 0.875rem + ((1vw - 3.2px) * 0.196), 16px);\"><strong>Cr\u00e9ation d\u2019outils visuels<\/strong>&nbsp;: supports facilitant la compr\u00e9hension et la prise de notes<\/li>\n\n\n\n<li style=\"font-size:clamp(14px, 0.875rem + ((1vw - 3.2px) * 0.196), 16px);\"><strong>Interventions en entreprise<\/strong>&nbsp;: ateliers, coaching, formations sur mesure<\/li>\n<\/ul>\n\n\n\n<div style=\"height:48px\" aria-hidden=\"true\" class=\"wp-block-spacer\"><\/div>\n\n\n\n<div class=\"wp-block-columns has-background is-layout-flex wp-container-core-columns-is-layout-28f84493 wp-block-columns-is-layout-flex\" style=\"border-radius:18px;background-color:#cf1152\">\n<div class=\"wp-block-column is-layout-flow wp-block-column-is-layout-flow\">\n<h2 class=\"wp-block-heading has-base-color has-text-color has-link-color wp-elements-3ee8be7219ffb2f49f8ba7a78b3d3e19\" style=\"font-size:clamp(14px, 0.875rem + ((1vw - 3.2px) * 0.588), 20px);\"><strong>Ses valeurs<\/strong><\/h2>\n\n\n\n<p class=\"has-base-color has-text-color has-link-color wp-elements-97bfb54312a92c98612b063ed94de194\" style=\"font-size:clamp(14px, 0.875rem + ((1vw - 3.2px) * 0.196), 16px);\">Rendre simple ce qui semble complexe.<\/p>\n<\/div>\n\n\n\n<div class=\"wp-block-column is-layout-flow wp-block-column-is-layout-flow\">\n<h2 class=\"wp-block-heading has-base-color has-text-color has-link-color wp-elements-2f77ace7369ab3732a97f0241ac710ea\" style=\"font-size:clamp(14px, 0.875rem + ((1vw - 3.2px) * 0.588), 20px);\"><strong>Sa signature<\/strong><\/h2>\n\n\n\n<p class=\"has-base-color has-text-color has-link-color wp-elements-1f335e34bf094335a1b3aafc2d637ba0\" style=\"font-size:clamp(14px, 0.875rem + ((1vw - 3.2px) * 0.196), 16px);\">Clart\u00e9, p\u00e9dagogie, confiance.<\/p>\n<\/div>\n<\/div>\n<\/div>\n<\/div>\n<\/div>\n","protected":false},"excerpt":{"rendered":"<p>Notre histoire Nous sommes trois ind\u00e9pendants, Corinne, Raphaele et Laurent, r\u00e9unis par une id\u00e9e simple : cr\u00e9er un lieu et une \u00e9quipe d\u00e9di\u00e9s au d\u00e9veloppement des comp\u00e9tences, \u00e0 l\u2019apprentissage et \u00e0 la transmission. Tout a commenc\u00e9 en 2017, lorsque nous avons ouvert un espace de travail partag\u00e9 au c\u0153ur du quartier des Halles, \u00e0 La [&hellip;]<\/p>\n","protected":false},"author":1,"featured_media":0,"parent":0,"menu_order":0,"comment_status":"closed","ping_status":"closed","template":"","meta":{"footnotes":""},"class_list":["post-18","page","type-page","status-publish","hentry"],"_links":{"self":[{"href":"https:\/\/le-bocalauraco.fr\/index.php?rest_route=\/wp\/v2\/pages\/18","targetHints":{"allow":["GET"]}}],"collection":[{"href":"https:\/\/le-bocalauraco.fr\/index.php?rest_route=\/wp\/v2\/pages"}],"about":[{"href":"https:\/\/le-bocalauraco.fr\/index.php?rest_route=\/wp\/v2\/types\/page"}],"author":[{"embeddable":true,"href":"https:\/\/le-bocalauraco.fr\/index.php?rest_route=\/wp\/v2\/users\/1"}],"replies":[{"embeddable":true,"href":"https:\/\/le-bocalauraco.fr\/index.php?rest_route=%2Fwp%2Fv2%2Fcomments&post=18"}],"version-history":[{"count":79,"href":"https:\/\/le-bocalauraco.fr\/index.php?rest_route=\/wp\/v2\/pages\/18\/revisions"}],"predecessor-version":[{"id":622,"href":"https:\/\/le-bocalauraco.fr\/index.php?rest_route=\/wp\/v2\/pages\/18\/revisions\/622"}],"wp:attachment":[{"href":"https:\/\/le-bocalauraco.fr\/index.php?rest_route=%2Fwp%2Fv2%2Fmedia&parent=18"}],"curies":[{"name":"wp","href":"https:\/\/api.w.org\/{rel}","templated":true}]}}