{"id":7,"date":"2025-11-27T23:13:00","date_gmt":"2025-11-27T22:13:00","guid":{"rendered":"https:\/\/le-bocalauraco.fr\/?page_id=7"},"modified":"2026-01-06T20:55:39","modified_gmt":"2026-01-06T19:55:39","slug":"accueil","status":"publish","type":"page","link":"https:\/\/le-bocalauraco.fr\/","title":{"rendered":"Accueil"},"content":{"rendered":"\n<div class=\"wp-block-cover alignfull has-custom-content-position is-position-bottom-center\" style=\"margin-top:0;margin-bottom:0;padding-bottom:20vh;min-height:694px;aspect-ratio:unset;\"><img loading=\"lazy\" decoding=\"async\" width=\"1024\" height=\"512\" class=\"wp-block-cover__image-background wp-image-42 size-large\" alt=\"\" src=\"https:\/\/le-bocalauraco.fr\/wp-content\/uploads\/2025\/11\/Design-sans-titre-2-1024x512.png\" data-object-fit=\"cover\" srcset=\"https:\/\/le-bocalauraco.fr\/wp-content\/uploads\/2025\/11\/Design-sans-titre-2-1024x512.png 1024w, https:\/\/le-bocalauraco.fr\/wp-content\/uploads\/2025\/11\/Design-sans-titre-2-300x150.png 300w, https:\/\/le-bocalauraco.fr\/wp-content\/uploads\/2025\/11\/Design-sans-titre-2-768x384.png 768w, https:\/\/le-bocalauraco.fr\/wp-content\/uploads\/2025\/11\/Design-sans-titre-2-1536x768.png 1536w, https:\/\/le-bocalauraco.fr\/wp-content\/uploads\/2025\/11\/Design-sans-titre-2-2048x1024.png 2048w\" sizes=\"auto, (max-width: 1024px) 100vw, 1024px\" \/><span aria-hidden=\"true\" class=\"wp-block-cover__background has-background-dim-10 has-background-dim\"><\/span><div class=\"wp-block-cover__inner-container has-global-padding is-layout-constrained wp-container-core-cover-is-layout-d1b2797b wp-block-cover-is-layout-constrained\">\n<div class=\"wp-block-columns is-layout-flex wp-container-core-columns-is-layout-28f84493 wp-block-columns-is-layout-flex\">\n<div class=\"wp-block-column is-layout-flow wp-block-column-is-layout-flow\" style=\"flex-basis:800px\">\n<h2 class=\"wp-block-heading has-text-color\" style=\"color:#ffffff;margin-top:0;margin-bottom:0px;margin-left:var(--wp--preset--spacing--40);font-size:clamp(35.641px, 2.228rem + ((1vw - 3.2px) * 2.878), 65px);font-style:normal;font-weight:400;line-height:1\"><strong>Nous r\u00e9v\u00e9lons le potentiel <mark style=\"background-color:rgba(0, 0, 0, 0)\" class=\"has-inline-color has-accent-1-color\">humain<\/mark><\/strong><\/h2>\n\n\n\n<p class=\"is-style-text-subtitle has-text-color is-style-text-subtitle--1\" style=\"color:#ffffff;margin-right:0px;margin-bottom:40px;margin-left:var(--wp--preset--spacing--40);font-size:clamp(15.197px, 0.95rem + ((1vw - 3.2px) * 0.765), 23px);font-style:normal;font-weight:400;line-height:1.6\">Accompagnement VAE, bilans de comp\u00e9tences et formations <br>pour transformer les parcours professionnels.<\/p>\n\n\n\n<div class=\"wp-block-buttons has-custom-font-size has-small-font-size is-content-justification-left is-layout-flex wp-container-core-buttons-is-layout-71cc0472 wp-block-buttons-is-layout-flex\" style=\"padding-right:var(--wp--preset--spacing--40);padding-left:var(--wp--preset--spacing--40)\">\n<div class=\"wp-block-button\"><a class=\"wp-block-button__link has-contrast-color has-text-color has-background has-link-color has-medium-font-size has-text-align-right has-custom-font-size wp-element-button\" href=\"https:\/\/le-bocalauraco.fr\/?page_id=18\" style=\"background-color:#ffc547;padding-top:var(--wp--preset--spacing--20);padding-right:var(--wp--preset--spacing--40);padding-bottom:var(--wp--preset--spacing--20);padding-left:var(--wp--preset--spacing--40)\" target=\"_blank\" rel=\"noreferrer noopener\">Nous d\u00e9couvrir<\/a><\/div>\n<\/div>\n<\/div>\n\n\n\n<div class=\"wp-block-column is-layout-flow wp-block-column-is-layout-flow\"><\/div>\n<\/div>\n<\/div><\/div>\n\n\n\n<section class=\"wp-block-group alignfull has-text-color has-background has-global-padding is-layout-constrained wp-container-core-group-is-layout-5e70687f wp-block-group-is-layout-constrained\" style=\"color:#212121;background-color:#f5f8f5;margin-top:0rem;padding-right:1rem;padding-left:1rem;font-size:clamp(0.875rem, 0.875rem + ((1vw - 0.2rem) * 0.4), 1.13rem);font-style:normal;font-weight:400;line-height:1.5\">\n<div class=\"wp-block-group has-global-padding is-layout-constrained wp-container-core-group-is-layout-e045accc wp-block-group-is-layout-constrained\" style=\"padding-top:80px;padding-right:0rem;padding-bottom:80px;padding-left:0rem\">\n<div class=\"wp-block-columns is-not-stacked-on-mobile is-layout-flex wp-container-core-columns-is-layout-713970fd wp-block-columns-is-layout-flex\">\n<div class=\"wp-block-column has-global-padding is-layout-constrained wp-container-core-column-is-layout-579fee1f wp-block-column-is-layout-constrained\" style=\"border-right-color:#768667;border-right-width:1px;padding-right:1rem;padding-left:1rem\">\n<div style=\"height:47px\" aria-hidden=\"true\" class=\"wp-block-spacer\"><\/div>\n\n\n\n<h2 class=\"wp-block-heading has-text-align-center has-text-color\" style=\"color:#cf1152;margin-top:0px;margin-right:0px;margin-bottom:16px;margin-left:0px;font-size:clamp(24.034px, 1.502rem + ((1vw - 3.2px) * 1.565), 40px);font-style:normal;font-weight:400;line-height:1.2\"><strong>90 %<\/strong><\/h2>\n\n\n\n<p class=\"has-text-align-center has-contrast-color has-text-color\" style=\"margin-bottom:0rem;font-size:clamp(14px, 0.875rem + ((1vw - 3.2px) * 0.196), 16px);\">des personnes ayant r\u00e9alis\u00e9 un bilan de comp\u00e9tences d\u00e9clarent que cela a clarifi\u00e9 leur projet professionnel.<\/p>\n<\/div>\n\n\n\n<div class=\"wp-block-column has-global-padding is-layout-constrained wp-container-core-column-is-layout-579fee1f wp-block-column-is-layout-constrained\" style=\"border-right-color:#768667;border-right-width:1px;padding-right:1rem;padding-left:1rem\">\n<div style=\"height:47px\" aria-hidden=\"true\" class=\"wp-block-spacer\"><\/div>\n\n\n\n<h2 class=\"wp-block-heading has-text-align-center has-text-color\" style=\"color:#cf1152;margin-top:0px;margin-right:0px;margin-bottom:16px;margin-left:0px;font-size:clamp(24.034px, 1.502rem + ((1vw - 3.2px) * 1.565), 40px);font-style:normal;font-weight:400;line-height:1.2\"><strong>+1 million<\/strong><\/h2>\n\n\n\n<p class=\"has-text-align-center has-contrast-color has-text-color\" style=\"font-size:clamp(14px, 0.875rem + ((1vw - 3.2px) * 0.196), 16px);\">de personnes entrent chaque ann\u00e9e en formation professionnelle en France.<\/p>\n<\/div>\n\n\n\n<div class=\"wp-block-column has-global-padding is-layout-constrained wp-container-core-column-is-layout-579fee1f wp-block-column-is-layout-constrained\" style=\"padding-right:1rem;padding-left:1rem\">\n<div style=\"height:47px\" aria-hidden=\"true\" class=\"wp-block-spacer\"><\/div>\n\n\n\n<h2 class=\"wp-block-heading has-text-align-center has-text-color\" style=\"color:#cf1152;margin-top:0px;margin-right:0px;margin-bottom:16px;margin-left:0px;font-size:clamp(24.034px, 1.502rem + ((1vw - 3.2px) * 1.565), 40px);font-style:normal;font-weight:400;line-height:1.2\"><strong>57%<\/strong><\/h2>\n\n\n\n<p class=\"has-text-align-center has-contrast-color has-text-color\" style=\"font-size:clamp(14px, 0.875rem + ((1vw - 3.2px) * 0.196), 16px);\">des actifs envisagent une reconversion dans les 2 ann\u00e9es \u00e0 venir.<\/p>\n<\/div>\n<\/div>\n<\/div>\n<\/section>\n\n\n\n<div class=\"wp-block-cover alignfull is-light has-custom-color-2-color has-text-color\" style=\"margin-top:0px;margin-bottom:0px;padding-top:100px;padding-right:20px;padding-bottom:100px;padding-left:20px\"><span aria-hidden=\"true\" class=\"wp-block-cover__background has-custom-color-1-background-color has-background-dim-0 has-background-dim\"><\/span><div class=\"wp-block-cover__inner-container has-global-padding is-layout-constrained wp-container-core-cover-is-layout-47630ab8 wp-block-cover-is-layout-constrained\">\n<h2 class=\"wp-block-heading has-text-align-center has-text-color\" style=\"color:#cf1152;margin-top:0px;margin-right:0px;margin-bottom:16px;margin-left:0px;font-size:clamp(24.034px, 1.502rem + ((1vw - 3.2px) * 1.565), 40px);font-style:normal;font-weight:400;line-height:1.2\"><strong>Nos services<\/strong><\/h2>\n\n\n\n<hr class=\"wp-block-separator has-text-color has-alpha-channel-opacity has-background\" style=\"margin-top:0px;margin-bottom:50px;background-color:#ffd835;color:#ffd835\"\/>\n\n\n\n<div class=\"wp-block-columns is-layout-flex wp-container-core-columns-is-layout-13e94aa7 wp-block-columns-is-layout-flex\">\n<div class=\"wp-block-column is-layout-flow wp-container-core-column-is-layout-fe0e2ea3 wp-block-column-is-layout-flow\">\n<figure class=\"wp-block-image size-full is-resized has-custom-border is-style-default\"><img loading=\"lazy\" decoding=\"async\" width=\"1414\" height=\"2000\" src=\"https:\/\/le-bocalauraco.fr\/wp-content\/uploads\/2025\/12\/1-1.png\" alt=\"\" class=\"has-border-color wp-image-508\" style=\"border-color:#c91251;border-width:4px;width:355px;height:auto\" srcset=\"https:\/\/le-bocalauraco.fr\/wp-content\/uploads\/2025\/12\/1-1.png 1414w, https:\/\/le-bocalauraco.fr\/wp-content\/uploads\/2025\/12\/1-1-212x300.png 212w, https:\/\/le-bocalauraco.fr\/wp-content\/uploads\/2025\/12\/1-1-724x1024.png 724w, https:\/\/le-bocalauraco.fr\/wp-content\/uploads\/2025\/12\/1-1-768x1086.png 768w, https:\/\/le-bocalauraco.fr\/wp-content\/uploads\/2025\/12\/1-1-1086x1536.png 1086w\" sizes=\"auto, (max-width: 1414px) 100vw, 1414px\" \/><\/figure>\n\n\n\n<h4 class=\"wp-block-heading has-text-color\" style=\"color:#c91251;margin-top:1.75rem;font-size:clamp(18.434px, 1.152rem + ((1vw - 3.2px) * 1.036), 29px);font-style:normal;font-weight:700\">Bilan de Comp\u00e9tence<\/h4>\n\n\n\n<p class=\"has-contrast-color has-text-color\" style=\"margin-bottom:0rem;font-size:clamp(14px, 0.875rem + ((1vw - 3.2px) * 0.196), 16px);\">Le bilan de comp\u00e9tences permet d\u2019analyser votre parcours et d\u2019identifier vos atouts.<br>Il vous aide \u00e0 d\u00e9finir un projet professionnel r\u00e9aliste, coh\u00e9rent et op\u00e9rationnel.<\/p>\n\n\n\n<div style=\"height:36px\" aria-hidden=\"true\" class=\"wp-block-spacer\"><\/div>\n\n\n\n<div class=\"wp-block-buttons is-content-justification-left is-layout-flex wp-container-core-buttons-is-layout-fc4fd283 wp-block-buttons-is-layout-flex\">\n<div class=\"wp-block-button has-custom-width wp-block-button__width-50 is-style-outline is-style-outline--2\"><a class=\"wp-block-button__link has-text-color has-link-color has-small-font-size has-custom-font-size wp-element-button\" href=\"https:\/\/le-bocalauraco.fr\/?page_id=122\" style=\"border-width:2px;border-radius:11px;color:#c91251;padding-top:var(--wp--preset--spacing--20);padding-right:var(--wp--preset--spacing--40);padding-bottom:var(--wp--preset--spacing--20);padding-left:var(--wp--preset--spacing--40)\"><strong>En savoir plus<\/strong><\/a><\/div>\n<\/div>\n<\/div>\n\n\n\n<div class=\"wp-block-column is-layout-flow wp-container-core-column-is-layout-fe0e2ea3 wp-block-column-is-layout-flow\">\n<figure class=\"wp-block-image size-full is-resized has-custom-border\"><img loading=\"lazy\" decoding=\"async\" width=\"1414\" height=\"2000\" src=\"https:\/\/le-bocalauraco.fr\/wp-content\/uploads\/2025\/12\/2-1.png\" alt=\"\" class=\"has-border-color wp-image-509\" style=\"border-color:#c91251;border-width:4px;width:355px;height:auto\" srcset=\"https:\/\/le-bocalauraco.fr\/wp-content\/uploads\/2025\/12\/2-1.png 1414w, https:\/\/le-bocalauraco.fr\/wp-content\/uploads\/2025\/12\/2-1-212x300.png 212w, https:\/\/le-bocalauraco.fr\/wp-content\/uploads\/2025\/12\/2-1-724x1024.png 724w, https:\/\/le-bocalauraco.fr\/wp-content\/uploads\/2025\/12\/2-1-768x1086.png 768w, https:\/\/le-bocalauraco.fr\/wp-content\/uploads\/2025\/12\/2-1-1086x1536.png 1086w\" sizes=\"auto, (max-width: 1414px) 100vw, 1414px\" \/><\/figure>\n\n\n\n<h4 class=\"wp-block-heading has-text-color\" style=\"color:#c91251;margin-top:1.75rem;font-size:clamp(18.434px, 1.152rem + ((1vw - 3.2px) * 1.036), 29px);font-style:normal;font-weight:700\">Formations<\/h4>\n\n\n\n<p class=\"has-contrast-color has-text-color\" style=\"font-size:clamp(14px, 0.875rem + ((1vw - 3.2px) * 0.196), 16px);\">Des formations sur mesure construites \u00e0 partir de vos besoins.<br>Ing\u00e9nierie pr\u00e9cise, m\u00e9thodes actives et r\u00e9sultats concrets.<\/p>\n\n\n\n<div style=\"height:36px\" aria-hidden=\"true\" class=\"wp-block-spacer\"><\/div>\n\n\n\n<div class=\"wp-block-buttons is-content-justification-left is-layout-flex wp-container-core-buttons-is-layout-fc4fd283 wp-block-buttons-is-layout-flex\">\n<div class=\"wp-block-button has-custom-width wp-block-button__width-50 is-style-outline is-style-outline--3\"><a class=\"wp-block-button__link has-text-color has-link-color has-small-font-size has-custom-font-size wp-element-button\" href=\"https:\/\/le-bocalauraco.fr\/?page_id=124\" style=\"border-width:2px;border-radius:11px;color:#c91251;padding-top:var(--wp--preset--spacing--20);padding-right:var(--wp--preset--spacing--40);padding-bottom:var(--wp--preset--spacing--20);padding-left:var(--wp--preset--spacing--40)\"><strong>En savoir plus<\/strong><\/a><\/div>\n<\/div>\n<\/div>\n\n\n\n<div class=\"wp-block-column is-layout-flow wp-container-core-column-is-layout-da1d6529 wp-block-column-is-layout-flow\">\n<figure class=\"wp-block-image size-full is-resized has-custom-border\"><img loading=\"lazy\" decoding=\"async\" width=\"1414\" height=\"2000\" src=\"https:\/\/le-bocalauraco.fr\/wp-content\/uploads\/2025\/12\/3-1.png\" alt=\"\" class=\"has-border-color wp-image-510\" style=\"border-color:#c91251;border-width:4px;width:356px;height:auto\" srcset=\"https:\/\/le-bocalauraco.fr\/wp-content\/uploads\/2025\/12\/3-1.png 1414w, https:\/\/le-bocalauraco.fr\/wp-content\/uploads\/2025\/12\/3-1-212x300.png 212w, https:\/\/le-bocalauraco.fr\/wp-content\/uploads\/2025\/12\/3-1-724x1024.png 724w, https:\/\/le-bocalauraco.fr\/wp-content\/uploads\/2025\/12\/3-1-768x1086.png 768w, https:\/\/le-bocalauraco.fr\/wp-content\/uploads\/2025\/12\/3-1-1086x1536.png 1086w\" sizes=\"auto, (max-width: 1414px) 100vw, 1414px\" \/><\/figure>\n\n\n\n<h4 class=\"wp-block-heading has-text-color\" style=\"color:#c91251;margin-top:1.75rem;font-size:clamp(18.434px, 1.152rem + ((1vw - 3.2px) * 1.036), 29px);font-style:normal;font-weight:700\">VAE<\/h4>\n\n\n\n<p class=\"has-contrast-color has-text-color\" style=\"font-size:clamp(14px, 0.875rem + ((1vw - 3.2px) * 0.196), 16px);\">La VAE permet de faire reconna\u00eetre officiellement vos comp\u00e9tences acquises par l\u2019exp\u00e9rience.<br>Elle conduit \u00e0 l\u2019obtention d\u2019un dipl\u00f4me ou d\u2019un titre inscrit au RNCP.<\/p>\n\n\n\n<div style=\"height:36px\" aria-hidden=\"true\" class=\"wp-block-spacer\"><\/div>\n\n\n\n<div class=\"wp-block-buttons is-content-justification-left is-layout-flex wp-container-core-buttons-is-layout-fc4fd283 wp-block-buttons-is-layout-flex\">\n<div class=\"wp-block-button has-custom-width wp-block-button__width-50 is-style-outline is-style-outline--4\"><a class=\"wp-block-button__link has-text-color has-link-color has-small-font-size has-custom-font-size wp-element-button\" href=\"https:\/\/le-bocalauraco.fr\/?page_id=119\" style=\"border-width:2px;border-radius:11px;color:#c91251;padding-top:var(--wp--preset--spacing--20);padding-right:var(--wp--preset--spacing--40);padding-bottom:var(--wp--preset--spacing--20);padding-left:var(--wp--preset--spacing--40)\" target=\"_blank\" rel=\"noreferrer noopener\"><strong>En savoir plus<\/strong><\/a><\/div>\n<\/div>\n<\/div>\n<\/div>\n<\/div><\/div>\n\n\n\n<div class=\"wp-block-stackable-separator alignfull stk-block-separator stk--no-padding stk-block stk-be73230\" data-block-id=\"be73230\"><style>.stk-be73230 {margin-bottom:0px !important;}.stk-be73230 .stk-block-separator__inner{height:131px !important;}<\/style><div class=\"stk-block-separator__inner\"><svg xmlns=\"http:\/\/www.w3.org\/2000\/svg\" viewBox=\"0 0 1600 200\" class=\"stk-separator__layer-1\" preserveAspectRatio=\"none\" aria-hidden=\"true\"><path class=\"wave-1_svg__st2\" d=\"M1341.4 48.9c-182.4 0-254.2 80.4-429.4 80.4-117.8 0-209.7-67.5-393.5-67.5-142.2 0-212.6 38.8-324.6 38.8S-10 64.7-10 64.7V210h1620V102c-110.6-40.2-181-53.1-268.6-53.1z\"><\/path><\/svg><\/div><\/div>\n\n\n\n<div class=\"wp-block-group alignfull has-global-padding is-layout-constrained wp-container-core-group-is-layout-6d8556d3 wp-block-group-is-layout-constrained\" style=\"margin-top:0px;margin-bottom:0px;padding-top:100px;padding-right:20px;padding-bottom:100px;padding-left:20px\">\n<div class=\"wp-block-columns alignwide is-layout-flex wp-container-core-columns-is-layout-8e3aed5f wp-block-columns-is-layout-flex\" style=\"border-style:none;border-width:0px;margin-top:0px;margin-bottom:0px;padding-top:0px;padding-right:30px;padding-bottom:0px;padding-left:30px\">\n<div class=\"wp-block-column is-vertically-aligned-center is-layout-flow wp-container-core-column-is-layout-abe5317a wp-block-column-is-layout-flow\" style=\"padding-top:0px;padding-right:0px;padding-bottom:40px;padding-left:0px\">\n<h6 class=\"wp-block-heading has-contrast-color has-text-color\" style=\"margin-bottom:12px;font-size:12px\">Processus certifi\u00e9<\/h6>\n\n\n\n<h2 class=\"wp-block-heading has-text-color has-inter-font-family\" style=\"color:#c91251;margin-top:0;margin-bottom:36px;font-size:clamp(27.42px, 1.714rem + ((1vw - 3.2px) * 1.92), 47px);font-style:normal;font-weight:700\">Certifi\u00e9 Qualiopi<\/h2>\n\n\n\n<p class=\"has-contrast-color has-text-color\" style=\"margin-bottom:2.75rem;font-size:clamp(14px, 0.875rem + ((1vw - 3.2px) * 0.196), 16px);\">Le Bocalauraco est certifi\u00e9 Qualiopi pour ses actions de <strong>formation<\/strong>, <strong>bilans de comp\u00e9tences<\/strong> et <strong>VAE<\/strong>.<br>Cette certification, d\u00e9livr\u00e9e par <strong>Apave Certification<\/strong>, atteste de la qualit\u00e9 et de la conformit\u00e9 de nos processus aux exigences du Code du travail.<\/p>\n\n\n\n<div class=\"wp-block-buttons is-content-justification-left is-layout-flex wp-container-core-buttons-is-layout-fc4fd283 wp-block-buttons-is-layout-flex\">\n<div class=\"wp-block-button is-style-fill\"><a class=\"wp-block-button__link has-text-color has-background has-border-color has-custom-font-size wp-element-button\" href=\"https:\/\/le-bocalauraco.fr\/wp-content\/uploads\/2025\/11\/Certificat-Qualiopi-Le-Bocaloraco.pdf\" style=\"border-color:#c91251;border-width:1px;border-radius:7px;color:#c91251;background-color:#ffffff00;padding-top:17px;padding-right:40px;padding-bottom:17px;padding-left:40px;font-size:clamp(14px, 0.875rem + ((1vw - 3.2px) * 0.098), 15px);line-height:1\" target=\"_blank\" rel=\"noreferrer noopener\"><strong>Certificat Qualiopi<\/strong><\/a><\/div>\n<\/div>\n<\/div>\n\n\n\n<div class=\"wp-block-column is-vertically-aligned-center is-layout-flow wp-block-column-is-layout-flow\" style=\"flex-basis:40%\">\n<figure class=\"wp-block-image aligncenter size-full has-custom-border\"><img loading=\"lazy\" decoding=\"async\" width=\"500\" height=\"500\" src=\"https:\/\/le-bocalauraco.fr\/wp-content\/uploads\/2025\/12\/La-certification-qualite-a-ete-delivree-au-titre-de-la-ou-des-categories-dactions-suivantes-actions-de-formation-.png\" alt=\"\" class=\"has-border-color wp-image-576\" style=\"border-color:#c91251;border-width:2px\" srcset=\"https:\/\/le-bocalauraco.fr\/wp-content\/uploads\/2025\/12\/La-certification-qualite-a-ete-delivree-au-titre-de-la-ou-des-categories-dactions-suivantes-actions-de-formation-.png 500w, https:\/\/le-bocalauraco.fr\/wp-content\/uploads\/2025\/12\/La-certification-qualite-a-ete-delivree-au-titre-de-la-ou-des-categories-dactions-suivantes-actions-de-formation--300x300.png 300w, https:\/\/le-bocalauraco.fr\/wp-content\/uploads\/2025\/12\/La-certification-qualite-a-ete-delivree-au-titre-de-la-ou-des-categories-dactions-suivantes-actions-de-formation--150x150.png 150w\" sizes=\"auto, (max-width: 500px) 100vw, 500px\" \/><\/figure>\n<\/div>\n<\/div>\n<\/div>\n\n\n\n<div class=\"wp-block-group alignfull has-background has-global-padding is-layout-constrained wp-container-core-group-is-layout-6d8556d3 wp-block-group-is-layout-constrained\" style=\"background-color:#c91251;margin-top:0px;margin-bottom:0px;padding-top:100px;padding-right:20px;padding-bottom:100px;padding-left:20px\">\n<div class=\"wp-block-columns alignwide is-layout-flex wp-container-core-columns-is-layout-8e3aed5f wp-block-columns-is-layout-flex\" style=\"border-style:none;border-width:0px;margin-top:0px;margin-bottom:0px;padding-top:0px;padding-right:30px;padding-bottom:0px;padding-left:30px\">\n<div class=\"wp-block-column is-vertically-aligned-center is-layout-flow wp-block-column-is-layout-flow\" style=\"flex-basis:40%\">\n<figure class=\"wp-block-image aligncenter size-full has-custom-border\"><img loading=\"lazy\" decoding=\"async\" width=\"1536\" height=\"1024\" src=\"https:\/\/le-bocalauraco.fr\/wp-content\/uploads\/2025\/12\/ChatGPT-Image-1-dec.-2025-a-16_45_52.png\" alt=\"\" class=\"has-border-color has-base-border-color wp-image-278\" style=\"border-width:10px\" srcset=\"https:\/\/le-bocalauraco.fr\/wp-content\/uploads\/2025\/12\/ChatGPT-Image-1-dec.-2025-a-16_45_52.png 1536w, https:\/\/le-bocalauraco.fr\/wp-content\/uploads\/2025\/12\/ChatGPT-Image-1-dec.-2025-a-16_45_52-300x200.png 300w, https:\/\/le-bocalauraco.fr\/wp-content\/uploads\/2025\/12\/ChatGPT-Image-1-dec.-2025-a-16_45_52-1024x683.png 1024w, https:\/\/le-bocalauraco.fr\/wp-content\/uploads\/2025\/12\/ChatGPT-Image-1-dec.-2025-a-16_45_52-768x512.png 768w\" sizes=\"auto, (max-width: 1536px) 100vw, 1536px\" \/><\/figure>\n\n\n\n<p class=\"has-text-align-center is-style-text-subtitle has-base-color has-text-color has-link-color wp-elements-8dd5d0e39a67a6dd808c5b53aa80cf8e is-style-text-subtitle--5\" style=\"font-size:0.8rem\"><em>Rapha\u00eble Oliveau, Corinne Courtiol &amp; Laurent Pavageau<\/em><\/p>\n<\/div>\n\n\n\n<div class=\"wp-block-column is-vertically-aligned-center is-layout-flow wp-container-core-column-is-layout-abe5317a wp-block-column-is-layout-flow\" style=\"padding-top:0px;padding-right:0px;padding-bottom:40px;padding-left:0px\">\n<h6 class=\"wp-block-heading has-accent-5-color has-text-color\" style=\"margin-bottom:12px;font-size:12px\">A propos de nous<\/h6>\n\n\n\n<h2 class=\"wp-block-heading has-base-color has-text-color has-inter-font-family\" style=\"margin-top:0;margin-bottom:36px;font-size:clamp(27.42px, 1.714rem + ((1vw - 3.2px) * 1.92), 47px);font-style:normal;font-weight:700\">Les 3 associ\u00e9s<\/h2>\n\n\n\n<p class=\"has-base-color has-text-color\" style=\"margin-bottom:2.75rem;font-size:clamp(14px, 0.875rem + ((1vw - 3.2px) * 0.196), 16px);\">Le Bocalauraco est une structure fond\u00e9e par <strong>trois professionnels ind\u00e9pendants<\/strong> qui mutualisent leurs comp\u00e9tences en formation, bilan de comp\u00e9tences et VAE. Nous travaillons ensemble depuis 2017 autour d\u2019une organisation partag\u00e9e et d\u2019une expertise compl\u00e9mentaire.<\/p>\n\n\n\n<div class=\"wp-block-buttons is-content-justification-left is-layout-flex wp-container-core-buttons-is-layout-fc4fd283 wp-block-buttons-is-layout-flex\">\n<div class=\"wp-block-button is-style-fill\"><a class=\"wp-block-button__link has-base-color has-text-color has-background has-border-color has-base-border-color has-custom-font-size wp-element-button\" href=\"https:\/\/le-bocalauraco.fr\/?page_id=18\" style=\"border-width:1px;border-radius:7px;background-color:#ffffff00;padding-top:17px;padding-right:40px;padding-bottom:17px;padding-left:40px;font-size:clamp(14px, 0.875rem + ((1vw - 3.2px) * 0.098), 15px);line-height:1\"><strong>D\u00e9couvrez- nous<\/strong><\/a><\/div>\n<\/div>\n<\/div>\n<\/div>\n<\/div>\n\n\n\n<div style=\"height:117px\" aria-hidden=\"true\" class=\"wp-block-spacer\"><\/div>\n\n\n\n<p class=\"has-text-align-center\" style=\"font-size:clamp(24.034px, 1.502rem + ((1vw - 3.2px) * 1.565), 40px);\"><strong><span style=\"color: #cf1152;\" class=\"stk-highlight\">Les actualit\u00e9s de la formation<\/span><\/strong><\/p>\n\n\n\n<hr class=\"wp-block-separator has-text-color has-alpha-channel-opacity has-background\" style=\"margin-top:0px;margin-bottom:50px;background-color:#ffd835;color:#ffd835\"\/>\n\n\n\n<div class=\"wp-block-stackable-tabs alignwide stk-block-tabs stk-block stk-3c8b608\" data-initial-tab=\"1\" data-block-id=\"3c8b608\"><style>.stk-3c8b608 {--tabs-gap:15px !important;}.stk-3c8b608 .stk-block-tab-content .stk-block-content .stk-block-column[hidden]{display:none !important;}<\/style><div class=\"stk-row stk-inner-blocks stk-block-content stk-block-tabs--horizontal stk-block-tabs--fade stk-content-align stk-3c8b608-column alignwide\">\n<div class=\"wp-block-stackable-tab-labels stk-block-tab-labels stk-block stk-13981f0 stk-block-background is-style-centered-pills\" data-block-id=\"13981f0\"><style>.stk-block-content.stk-block-tabs--horizontal .stk-13981f0{--tabs-flex:1 1 auto !important;}.stk-13981f0 {--tabs-column-gap:15px !important;--tabs-row-gap:5px !important;border-top-left-radius:50px !important;border-top-right-radius:50px !important;border-bottom-right-radius:50px !important;border-bottom-left-radius:50px !important;overflow:hidden !important;max-width:1500px !important;min-width:auto !important;padding-top:8px !important;padding-right:8px !important;padding-bottom:8px !important;padding-left:8px !important;margin-right:auto !important;margin-left:auto !important;}.stk-13981f0 .stk-block-tabs__tab{color:#fffffe !important;min-height:0px !important;padding-top:8px !important;padding-right:24px !important;padding-bottom:8px !important;padding-left:24px !important;background:#c91251 !important;border-top-left-radius:50px !important;border-top-right-radius:50px !important;border-bottom-right-radius:50px !important;border-bottom-left-radius:50px !important;border-style:solid !important;border-top-width:1px !important;border-right-width:1px !important;border-bottom-width:1px !important;border-left-width:1px !important;}.stk-13981f0 .stk-block-tabs__tab.stk-block-tabs__tab--active .stk-block-tab-labels__text{color:#ffffff !important;}.stk-13981f0 .stk-block-tab-labels__text{font-size:var(--stk--preset--font-size--medium, 1rem) !important;color:#fffffe !important;}.stk-13981f0 .stk-block-tabs__tab:not(.stk-block-tabs__tab--active):hover{background:#dddddd !important;opacity:1 !important;}.stk-13981f0 .stk-block-tabs__tab .stk--inner-svg svg:last-child, .stk-13981f0 .stk-block-tabs__tab .stk--inner-svg svg:last-child :is(g, path, rect, polygon, ellipse){fill:#777777 !important;}.stk-13981f0 .stk-block-tabs__tab:not(.stk-block-tabs__tab--active):hover .stk--inner-svg svg:last-child, .stk-13981f0 .stk-block-tabs__tab:not(.stk-block-tabs__tab--active):hover .stk--inner-svg svg:last-child :is(g, path, rect, polygon, ellipse){fill:#000000 !important;}.stk-13981f0 .stk-block-tabs__tab.stk-block-tabs__tab--active{background:#ffbc2a !important;}.stk-13981f0 .stk-block-tabs__tab.stk-block-tabs__tab--active .stk--inner-svg svg:last-child, .stk-13981f0 .stk-block-tabs__tab.stk-block-tabs__tab--active .stk--inner-svg svg:last-child :is(g, path, rect, polygon, ellipse){fill:#ffffff !important;}@media screen and (max-width: 1023px){.stk-13981f0 .stk-block-tab-labels__text{font-size:var(--stk--preset--font-size--medium, 1rem) !important;}}<\/style><div class=\"stk-block-tab-labels__wrapper\" role=\"tablist\"><button class=\"stk-block-tabs__tab\" role=\"tab\"><div class=\"stk-block-tab-labels__text\"><span>Qualiopi vs D\u00b2OF<\/span><\/div><\/button><button class=\"stk-block-tabs__tab\" role=\"tab\"><div class=\"stk-block-tab-labels__text\"><span>M\u00e9tiers \u00e9mergents<\/span><\/div><\/button><button class=\"stk-block-tabs__tab\" role=\"tab\"><div class=\"stk-block-tab-labels__text\"><span>D\u00e9claration d&rsquo;activit\u00e9<\/span><\/div><\/button><button class=\"stk-block-tabs__tab\" role=\"tab\"><div class=\"stk-block-tab-labels__text\"><span>Le r\u00e9f\u00e9rent handicap<\/span><\/div><\/button><button class=\"stk-block-tabs__tab\" role=\"tab\"><div class=\"stk-block-tab-labels__text\"><span><strong>VAE et CPF<\/strong><\/span><\/div><\/button><\/div><\/div>\n\n\n\n<div class=\"wp-block-stackable-tab-content stk-block-tab-content stk-block stk-24873a1\" data-block-id=\"24873a1\"><div class=\"stk-row stk-inner-blocks stk-block-content stk-content-align stk-24873a1-column\">\n<div class=\"wp-block-stackable-column stk-block-column stk-column stk-block stk-8bf2b8d stk-block-background\" data-v=\"4\" role=\"tabpanel\" data-block-id=\"8bf2b8d\"><style>.stk-8bf2b8d {border-style:solid !important;border-top-width:1px !important;border-right-width:1px !important;border-bottom-width:1px !important;border-left-width:1px !important;}<\/style><div class=\"stk-column-wrapper stk-block-column__content stk-container stk-8bf2b8d-container stk--no-background stk--no-padding\"><div class=\"stk-block-content stk-inner-blocks stk-8bf2b8d-inner-blocks\">\n<p class=\"is-style-text-subtitle is-style-text-subtitle--6\" style=\"font-size:clamp(14px, 0.875rem + ((1vw - 3.2px) * 0.098), 15px);\"><em>octobre 2025<\/em><\/p>\n\n\n\n<h2 class=\"wp-block-heading has-text-color has-link-color wp-elements-f223dd73c7f0507bae70692163ccd46a\" style=\"color:#c91251;font-size:clamp(18.959px, 1.185rem + ((1vw - 3.2px) * 1.082), 30px);\"><strong>Qualiopi vs D\u00b2OF<\/strong><\/h2>\n\n\n\n<p style=\"font-size:clamp(14px, 0.875rem + ((1vw - 3.2px) * 0.588), 20px);\">Le r\u00e9f\u00e9rentiel 2025 du GIE D\u00b2OF encadre les contr\u00f4les qualit\u00e9 men\u00e9s par les financeurs, notamment les OPCO. Il vise \u00e0 garantir que les formations financ\u00e9es sont conformes, utiles et r\u00e9alis\u00e9es dans le respect des obligations.<\/p>\n\n\n\n<figure class=\"wp-block-image aligncenter size-large is-resized\"><img loading=\"lazy\" decoding=\"async\" width=\"1024\" height=\"572\" src=\"https:\/\/le-bocalauraco.fr\/wp-content\/uploads\/2025\/12\/Qualiopi_vs_datadock-1024x572.png\" alt=\"\" class=\"wp-image-582\" style=\"aspect-ratio:1.791694322757644;width:720px;height:auto\" srcset=\"https:\/\/le-bocalauraco.fr\/wp-content\/uploads\/2025\/12\/Qualiopi_vs_datadock-1024x572.png 1024w, https:\/\/le-bocalauraco.fr\/wp-content\/uploads\/2025\/12\/Qualiopi_vs_datadock-300x167.png 300w, https:\/\/le-bocalauraco.fr\/wp-content\/uploads\/2025\/12\/Qualiopi_vs_datadock-768x429.png 768w, https:\/\/le-bocalauraco.fr\/wp-content\/uploads\/2025\/12\/Qualiopi_vs_datadock-1536x857.png 1536w, https:\/\/le-bocalauraco.fr\/wp-content\/uploads\/2025\/12\/Qualiopi_vs_datadock-2048x1143.png 2048w\" sizes=\"auto, (max-width: 1024px) 100vw, 1024px\" \/><\/figure>\n<\/div><\/div><\/div>\n\n\n\n<div class=\"wp-block-stackable-column stk-block-column stk-column stk-block stk-4ce865d stk-block-background\" data-v=\"4\" role=\"tabpanel\" data-block-id=\"4ce865d\"><style>.stk-4ce865d {border-style:solid !important;border-top-width:1px !important;border-right-width:1px !important;border-bottom-width:1px !important;border-left-width:1px !important;}<\/style><div class=\"stk-column-wrapper stk-block-column__content stk-container stk-4ce865d-container stk--no-background stk--no-padding\"><div class=\"stk-block-content stk-inner-blocks stk-4ce865d-inner-blocks\">\n<p style=\"font-size:clamp(14px, 0.875rem + ((1vw - 3.2px) * 0.098), 15px);\"><em>juin 2025<\/em><\/p>\n\n\n\n<h2 class=\"wp-block-heading has-text-color has-link-color wp-elements-9f61162821e4199928100742b36fa499\" style=\"color:#c91251;font-size:clamp(18.959px, 1.185rem + ((1vw - 3.2px) * 1.082), 30px);\"><strong>M\u00e9tiers \u00e9mergents<\/strong><\/h2>\n\n\n\n<p style=\"font-size:clamp(14px, 0.875rem + ((1vw - 3.2px) * 0.588), 20px);\"><strong>Contexte de l\u2019\u00e9tude<\/strong><br>L\u2019OPCO Atlas, repr\u00e9sentant 14 branches professionnelles, a lanc\u00e9, via sa commission CPT&nbsp;<em>Prospective et transformation des m\u00e9tiers<\/em>, une analyse approfondie de ses m\u00e9tiers afin d\u2019anticiper les transformations majeures, notamment num\u00e9riques et r\u00e9glementaires. Cette \u00e9tude vise \u00e0 identifier les m\u00e9tiers \u00e9mergents, les m\u00e9tiers en forte transformation et les m\u00e9tiers en tension sur son p\u00e9rim\u00e8tre.<\/p>\n\n\n\n<div class=\"wp-block-buttons is-layout-flex wp-block-buttons-is-layout-flex\">\n<div class=\"wp-block-button\"><a class=\"wp-block-button__link wp-element-button\" href=\"https:\/\/le-bocalauraco.fr\/wp-content\/uploads\/2025\/12\/202509_Metiers_en_tension_Emergents_En_transfo_a_Rapport.pdf\">\u00c9tude sur les m\u00e9tiers en tension &amp; \u00e9mergents<\/a><\/div>\n<\/div>\n<\/div><\/div><\/div>\n\n\n\n<div class=\"wp-block-stackable-column stk-block-column stk-column stk-block stk-3cd7366 stk-block-background\" data-v=\"4\" role=\"tabpanel\" data-block-id=\"3cd7366\"><style>.stk-3cd7366 {border-style:solid !important;border-top-width:1px !important;border-right-width:1px !important;border-bottom-width:1px !important;border-left-width:1px !important;}<\/style><div class=\"stk-column-wrapper stk-block-column__content stk-container stk-3cd7366-container stk--no-background stk--no-padding\"><div class=\"stk-block-content stk-inner-blocks stk-3cd7366-inner-blocks\">\n<p style=\"font-size:clamp(14px, 0.875rem + ((1vw - 3.2px) * 0.098), 15px);\"><em>octobre 2025<\/em><\/p>\n\n\n\n<h2 class=\"wp-block-heading has-text-color has-link-color wp-elements-5592ad39e89cea6b5eaf51923fdacdaf\" style=\"color:#c91251;font-size:clamp(18.959px, 1.185rem + ((1vw - 3.2px) * 1.082), 30px);\"><strong><strong>D\u00e9claration d&rsquo;activit\u00e9<\/strong><\/strong><\/h2>\n\n\n\n<p style=\"font-size:clamp(14px, 0.875rem + ((1vw - 3.2px) * 0.588), 20px);\"><strong>Simplifications pour les micro-organismes<\/strong><br>Pour les micro-organismes, notamment les formateurs en micro-entreprise dont le chiffre d\u2019affaires annuel est inf\u00e9rieur \u00e0 77 700 \u20ac HT, certaines pi\u00e8ces ne sont plus exig\u00e9es lors du d\u00e9p\u00f4t de la demande : la liste des moyens mat\u00e9riels et humains ainsi qu\u2019une premi\u00e8re convention ou contrat de formation. Une pr\u00e9sentation synth\u00e9tique de l\u2019activit\u00e9 suffit d\u00e9sormais ; un document mod\u00e8le sera prochainement mis \u00e0 disposition.<\/p>\n\n\n\n<figure class=\"wp-block-image aligncenter size-large is-resized\"><img loading=\"lazy\" decoding=\"async\" width=\"1024\" height=\"572\" src=\"https:\/\/le-bocalauraco.fr\/wp-content\/uploads\/2025\/12\/unnamed3-1024x572.png\" alt=\"\" class=\"wp-image-586\" style=\"aspect-ratio:1.791694322757644;width:647px;height:auto\" srcset=\"https:\/\/le-bocalauraco.fr\/wp-content\/uploads\/2025\/12\/unnamed3-1024x572.png 1024w, https:\/\/le-bocalauraco.fr\/wp-content\/uploads\/2025\/12\/unnamed3-300x167.png 300w, https:\/\/le-bocalauraco.fr\/wp-content\/uploads\/2025\/12\/unnamed3-768x429.png 768w, https:\/\/le-bocalauraco.fr\/wp-content\/uploads\/2025\/12\/unnamed3-1536x857.png 1536w, https:\/\/le-bocalauraco.fr\/wp-content\/uploads\/2025\/12\/unnamed3-2048x1143.png 2048w\" sizes=\"auto, (max-width: 1024px) 100vw, 1024px\" \/><\/figure>\n<\/div><\/div><\/div>\n\n\n\n<div class=\"wp-block-stackable-column stk-block-column stk-column stk-block stk-8649756 stk-block-background\" data-v=\"4\" role=\"tabpanel\" data-block-id=\"8649756\"><style>.stk-8649756 {border-style:solid !important;border-top-width:1px !important;border-right-width:1px !important;border-bottom-width:1px !important;border-left-width:1px !important;}<\/style><div class=\"stk-column-wrapper stk-block-column__content stk-container stk-8649756-container stk--no-background stk--no-padding\"><div class=\"stk-block-content stk-inner-blocks stk-8649756-inner-blocks\">\n<h2 class=\"wp-block-heading has-text-color has-link-color wp-elements-8e4b95fc33593c3956aa20838547b312\" style=\"color:#c91251;font-size:clamp(18.959px, 1.185rem + ((1vw - 3.2px) * 1.082), 30px);\"><strong>Le r\u00e9f\u00e9rent handicap<\/strong><\/h2>\n\n\n\n<p style=\"font-size:clamp(14px, 0.875rem + ((1vw - 3.2px) * 0.588), 20px);\">La formation est un v\u00e9ritable tremplin vers l\u2019insertion professionnelle des personnes handicap\u00e9es; Cependant, de nombreux freins subsistent (accessibilit\u00e9 des lieux, supports inadapt\u00e9s, manque d\u2019accompagnement personnalis\u00e9, etc.). Pour y rem\u00e9dier, les organismes de formation d\u00e9signent un&nbsp;<strong>r\u00e9f\u00e9rent handicap<\/strong>&nbsp;: ce salari\u00e9 (ou collaborateur d\u00e9di\u00e9) assure l\u2019accueil et l\u2019accompagnement des stagiaires en situation de handicap.<br><\/p>\n\n\n\n<div class=\"wp-block-buttons is-layout-flex wp-block-buttons-is-layout-flex\">\n<div class=\"wp-block-button\"><a class=\"wp-block-button__link wp-element-button\" href=\"https:\/\/le-bocalauraco.fr\/wp-content\/uploads\/2026\/01\/L_Architecte_de_l_Inclusion.pdf\">En savoir plus sur le r\u00e9f\u00e9rent handicap<\/a><\/div>\n<\/div>\n<\/div><\/div><\/div>\n\n\n\n<div class=\"wp-block-stackable-column stk-block-column stk-column stk-block stk-d22efbc stk-block-background\" data-v=\"4\" role=\"tabpanel\" data-block-id=\"d22efbc\"><style>.stk-d22efbc {border-style:solid !important;border-top-width:1px !important;border-right-width:1px !important;border-bottom-width:1px !important;border-left-width:1px !important;}<\/style><div class=\"stk-column-wrapper stk-block-column__content stk-container stk-d22efbc-container stk--no-background stk--no-padding\"><div class=\"stk-block-content stk-inner-blocks stk-d22efbc-inner-blocks\">\n<h2 class=\"wp-block-heading has-text-color has-link-color wp-elements-ca0fbd69751a4a2ce33ffa8d3bf5c7ce\" style=\"color:#c91251;font-size:clamp(18.959px, 1.185rem + ((1vw - 3.2px) * 1.082), 30px);\"><strong>VAE et CPF : ce que change le d\u00e9cret du 18 juillet 2025<\/strong><\/h2>\n\n\n\n<p style=\"font-size:clamp(14px, 0.875rem + ((1vw - 3.2px) * 0.294), 17px);\">Le\u00a0<strong>d\u00e9cret n\u00b0 2025-663 du 18 juillet 2025<\/strong>\u00a0vient pr\u00e9ciser les\u00a0<strong>conditions d\u2019\u00e9ligibilit\u00e9 au Compte personnel de formation (CPF)<\/strong>\u00a0des actions de\u00a0<strong>validation des acquis de l\u2019exp\u00e9rience (VAE)<\/strong>. Il s\u2019inscrit dans la continuit\u00e9 de la r\u00e9forme de la VAE et vise \u00e0 s\u00e9curiser juridiquement et financi\u00e8rement les parcours des candidats comme des prestataires.<br><em>\u27a1\ufe0f<\/em> <strong>Ces nouvelles r\u00e8gles s\u2019appliqueront \u00e0 compter du 1er ao\u00fbt 2025.<\/strong><\/p>\n\n\n\n<hr class=\"wp-block-separator has-alpha-channel-opacity\"\/>\n\n\n\n<h3 class=\"wp-block-heading\" style=\"font-size:clamp(14px, 0.875rem + ((1vw - 3.2px) * 0.49), 19px);\"><strong><span style=\"color: #c91251;\" class=\"stk-highlight\">Une prise en charge clarifi\u00e9e du parcours VAE<\/span><\/strong><\/h3>\n\n\n\n<p style=\"font-size:clamp(14px, 0.875rem + ((1vw - 3.2px) * 0.294), 17px);\">Le d\u00e9cret confirme que le&nbsp;<strong>CPF peut financer l\u2019ensemble du parcours de VAE<\/strong>, incluant :<\/p>\n\n\n\n<ul class=\"wp-block-list\">\n<li style=\"font-size:clamp(14px, 0.875rem + ((1vw - 3.2px) * 0.196), 16px);\">l\u2019accompagnement du candidat tout au long de la d\u00e9marche,<\/li>\n\n\n\n<li style=\"font-size:clamp(14px, 0.875rem + ((1vw - 3.2px) * 0.196), 16px);\">les\u00a0<strong>frais li\u00e9s au jury de validation<\/strong>.<\/li>\n<\/ul>\n\n\n\n<p style=\"font-size:clamp(14px, 0.875rem + ((1vw - 3.2px) * 0.588), 20px);\">Cette pr\u00e9cision met fin \u00e0 certaines incertitudes et renforce l\u2019accessibilit\u00e9 de la VAE comme voie de certification \u00e0 part enti\u00e8re.<\/p>\n\n\n\n<hr class=\"wp-block-separator has-alpha-channel-opacity\"\/>\n\n\n\n<h3 class=\"wp-block-heading\" style=\"font-size:clamp(14px, 0.875rem + ((1vw - 3.2px) * 0.49), 19px);\"><strong><span style=\"color: #c91251;\" class=\"stk-highlight\">Des conditions d\u2019\u00e9ligibilit\u00e9 d\u00e9sormais clairement d\u00e9finies<\/span><\/strong><\/h3>\n\n\n\n<p style=\"font-size:clamp(14px, 0.875rem + ((1vw - 3.2px) * 0.294), 17px);\">Pour \u00eatre \u00e9ligibles au financement CPF, les actions de VAE doivent respecter plusieurs exigences :<\/p>\n\n\n\n<p style=\"font-size:clamp(14px, 0.875rem + ((1vw - 3.2px) * 0.294), 17px);\">\u2705 <strong>Des prestataires habilit\u00e9s<\/strong><br>Les actions doivent \u00eatre r\u00e9alis\u00e9es par des prestataires relevant du cadre l\u00e9gal de la formation professionnelle (d\u00e9claration d\u2019activit\u00e9 conforme au Code du travail).<\/p>\n\n\n\n<p style=\"font-size:clamp(14px, 0.875rem + ((1vw - 3.2px) * 0.294), 17px);\"><strong>\u2705 Une inscription sur les plateformes officielles<\/strong><br>Lorsque la certification vis\u00e9e est propos\u00e9e via le portail\u00a0<strong>France VAE<\/strong>\u00a0:<\/p>\n\n\n\n<ul class=\"wp-block-list\">\n<li style=\"font-size:clamp(14px, 0.875rem + ((1vw - 3.2px) * 0.196), 16px);\">le candidat doit \u00eatre inscrit sur ce portail,<\/li>\n\n\n\n<li style=\"font-size:clamp(14px, 0.875rem + ((1vw - 3.2px) * 0.196), 16px);\">le prestataire accompagnateur doit figurer sur la liste officielle des accompagnateurs r\u00e9f\u00e9renc\u00e9s.<\/li>\n<\/ul>\n\n\n\n<p style=\"font-size:clamp(14px, 0.875rem + ((1vw - 3.2px) * 0.294), 17px);\">Ce double niveau d\u2019inscription vise \u00e0 garantir la conformit\u00e9 et la tra\u00e7abilit\u00e9 des parcours financ\u00e9s par le CPF.<\/p>\n\n\n\n<hr class=\"wp-block-separator has-alpha-channel-opacity\"\/>\n\n\n\n<h3 class=\"wp-block-heading\" style=\"font-size:clamp(14px, 0.875rem + ((1vw - 3.2px) * 0.49), 19px);\"><strong><span style=\"color: #c91251;\" class=\"stk-highlight\">Une application \u00e9tendue aux demandeurs d\u2019emploi<\/span><\/strong><\/h3>\n\n\n\n<p style=\"font-size:clamp(14px, 0.875rem + ((1vw - 3.2px) * 0.294), 17px);\">Le d\u00e9cret pr\u00e9voit \u00e9galement l\u2019application de ces r\u00e8gles aux&nbsp;<strong>demandeurs d\u2019emploi<\/strong>&nbsp;b\u00e9n\u00e9ficiant du CPF, assurant ainsi une \u00e9galit\u00e9 de traitement entre les publics et une meilleure lisibilit\u00e9 du dispositif.<\/p>\n<\/div><\/div><\/div>\n<\/div><\/div>\n<\/div><\/div>\n\n\n\n<div style=\"height:161px\" aria-hidden=\"true\" class=\"wp-block-spacer\"><\/div>\n\n\n\n<div class=\"wp-block-columns alignwide are-vertically-aligned-center has-border-color has-background is-layout-flex wp-container-core-columns-is-layout-9c22b1e3 wp-block-columns-is-layout-flex\" style=\"border-color:#c91251;border-width:5px;background-color:#f5f8f5\">\n<div class=\"wp-block-column is-vertically-aligned-center is-layout-flow wp-block-column-is-layout-flow\" style=\"flex-basis:33.33%\">\n<figure class=\"wp-block-image aligncenter size-full is-resized\" style=\"margin-right:var(--wp--preset--spacing--30);margin-left:var(--wp--preset--spacing--30)\"><img loading=\"lazy\" decoding=\"async\" width=\"400\" height=\"397\" src=\"https:\/\/le-bocalauraco.fr\/wp-content\/uploads\/2025\/12\/accessibility.png\" alt=\"\" class=\"wp-image-550\" style=\"aspect-ratio:1.007633943117814;width:187px;height:auto\" srcset=\"https:\/\/le-bocalauraco.fr\/wp-content\/uploads\/2025\/12\/accessibility.png 400w, https:\/\/le-bocalauraco.fr\/wp-content\/uploads\/2025\/12\/accessibility-300x298.png 300w, https:\/\/le-bocalauraco.fr\/wp-content\/uploads\/2025\/12\/accessibility-150x150.png 150w\" sizes=\"auto, (max-width: 400px) 100vw, 400px\" \/><\/figure>\n<\/div>\n\n\n\n<div class=\"wp-block-column is-vertically-aligned-center is-layout-flow wp-block-column-is-layout-flow\" style=\"flex-basis:66.66%\">\n<p class=\"is-style-text-display is-style-text-display--7\" style=\"font-size:clamp(14px, 0.875rem + ((1vw - 3.2px) * 0.098), 15px);\"><strong>Besoin d\u2019un am\u00e9nagement li\u00e9 \u00e0 une situation de handicap ?<\/strong><\/p>\n\n\n\n<p style=\"font-size:14px\">Nous accompagnons chaque personne, y compris en situation de handicap, afin de garantir des conditions d\u2019apprentissage optimales. Si vous avez besoin d\u2019un am\u00e9nagement sp\u00e9cifique (rythme, supports, modalit\u00e9s, accessibilit\u00e9 physique ou cognitive), contactez-nous : nous \u00e9tudierons ensemble les solutions possibles pour adapter votre parcours.<\/p>\n\n\n\n<p style=\"font-size:clamp(14px, 0.875rem + ((1vw - 3.2px) * 0.098), 15px);\"><strong>R\u00e9f\u00e9rente Handicap : Rapha\u00eble Oliveau \u2013 06 73 61 31 41<\/strong><\/p>\n\n\n\n<div class=\"wp-block-buttons is-layout-flex wp-block-buttons-is-layout-flex\">\n<div class=\"wp-block-button is-style-outline is-style-outline--8\"><a class=\"wp-block-button__link has-border-color has-custom-font-size wp-element-button\" href=\"https:\/\/le-bocalauraco.fr\/wp-content\/uploads\/2025\/12\/metodia-novembre-2021-fiche-2asf-0-e1781763.pdf\" style=\"border-color:#c91251;border-top-left-radius:9px;border-top-right-radius:9px;border-bottom-left-radius:9px;border-bottom-right-radius:9px;padding-top:var(--wp--preset--spacing--20);padding-right:var(--wp--preset--spacing--20);padding-bottom:var(--wp--preset--spacing--20);padding-left:var(--wp--preset--spacing--20);font-size:9px\" target=\"_blank\" rel=\"noreferrer noopener\"><strong>Aide Agefiph \u2013 Infos<\/strong><\/a><\/div>\n\n\n\n<div class=\"wp-block-button has-custom-width wp-block-button__width-25 is-style-outline is-style-outline--9\"><a class=\"wp-block-button__link has-border-color has-custom-font-size wp-element-button\" href=\"https:\/\/www.agefiph.fr\/services\/ressource-handicap-formation\" style=\"border-color:#c91251;border-top-left-radius:9px;border-top-right-radius:9px;border-bottom-left-radius:9px;border-bottom-right-radius:9px;padding-top:var(--wp--preset--spacing--20);padding-right:0;padding-bottom:var(--wp--preset--spacing--20);padding-left:0;font-size:9px\" target=\"_blank\" rel=\"noreferrer noopener\"><strong>R\u00e9seau partenaire <\/strong><\/a><\/div>\n<\/div>\n<\/div>\n<\/div>\n\n\n\n<p><\/p>\n","protected":false},"excerpt":{"rendered":"<p>90 % des personnes ayant r\u00e9alis\u00e9 un bilan de comp\u00e9tences d\u00e9clarent que cela a clarifi\u00e9 leur projet professionnel. +1 million de personnes entrent chaque ann\u00e9e en formation professionnelle en France. 57% des actifs envisagent une reconversion dans les 2 ann\u00e9es \u00e0 venir. Processus certifi\u00e9 Certifi\u00e9 Qualiopi Le Bocalauraco est certifi\u00e9 Qualiopi pour ses actions de [&hellip;]<\/p>\n","protected":false},"author":1,"featured_media":0,"parent":0,"menu_order":0,"comment_status":"closed","ping_status":"closed","template":"","meta":{"footnotes":""},"class_list":["post-7","page","type-page","status-publish","hentry"],"_links":{"self":[{"href":"https:\/\/le-bocalauraco.fr\/index.php?rest_route=\/wp\/v2\/pages\/7","targetHints":{"allow":["GET"]}}],"collection":[{"href":"https:\/\/le-bocalauraco.fr\/index.php?rest_route=\/wp\/v2\/pages"}],"about":[{"href":"https:\/\/le-bocalauraco.fr\/index.php?rest_route=\/wp\/v2\/types\/page"}],"author":[{"embeddable":true,"href":"https:\/\/le-bocalauraco.fr\/index.php?rest_route=\/wp\/v2\/users\/1"}],"replies":[{"embeddable":true,"href":"https:\/\/le-bocalauraco.fr\/index.php?rest_route=%2Fwp%2Fv2%2Fcomments&post=7"}],"version-history":[{"count":103,"href":"https:\/\/le-bocalauraco.fr\/index.php?rest_route=\/wp\/v2\/pages\/7\/revisions"}],"predecessor-version":[{"id":624,"href":"https:\/\/le-bocalauraco.fr\/index.php?rest_route=\/wp\/v2\/pages\/7\/revisions\/624"}],"wp:attachment":[{"href":"https:\/\/le-bocalauraco.fr\/index.php?rest_route=%2Fwp%2Fv2%2Fmedia&parent=7"}],"curies":[{"name":"wp","href":"https:\/\/api.w.org\/{rel}","templated":true}]}}